{"id":53,"date":"2017-06-14T12:44:26","date_gmt":"2017-06-14T11:44:26","guid":{"rendered":"https:\/\/sciencesparticipativesinra.wordpress.com\/?page_id=53"},"modified":"2021-10-27T15:03:45","modified_gmt":"2021-10-27T13:03:45","slug":"agenda","status":"publish","type":"page","link":"https:\/\/ist.blogs.inrae.fr\/sciencesparticipatives\/agenda\/","title":{"rendered":"Agenda"},"content":{"rendered":"<figure id=\"attachment_1054\" class=\"thumbnail wp-caption alignleft\" style=\"width: 170px\"><img loading=\"lazy\" decoding=\"async\" class=\"wp-image-1054\" src=\"https:\/\/ist.blogs.inra.fr\/sciencesparticipatives\/wp-content\/uploads\/sites\/22\/2018\/05\/notebook-308849_960_720-227x300.png\" alt=\"\" width=\"170\" height=\"225\" srcset=\"https:\/\/ist.blogs.inrae.fr\/sciencesparticipatives\/wp-content\/uploads\/sites\/22\/2018\/05\/notebook-308849_960_720-227x300.png 227w, https:\/\/ist.blogs.inrae.fr\/sciencesparticipatives\/wp-content\/uploads\/sites\/22\/2018\/05\/notebook-308849_960_720.png 545w\" sizes=\"auto, (max-width: 170px) 100vw, 170px\" \/><figcaption class=\"caption wp-caption-text\">\u00a9Pixabay<\/figcaption><\/figure>\n<p>&nbsp;<\/p>\n<p>&nbsp;<\/p>\n<p>&nbsp;<\/p>\n<p>&nbsp;<\/p>\n<p>&nbsp;<\/p>\n<p>&nbsp;<\/p>\n<p>&nbsp;<\/p>\n<p>&nbsp;<\/p>\n<p>&nbsp;<\/p>\n<hr \/>\n<p><strong><img loading=\"lazy\" decoding=\"async\" class=\"size-full wp-image-883 alignleft\" src=\"https:\/\/ist.blogs.inra.fr\/sciencesparticipatives\/wp-content\/uploads\/sites\/22\/2018\/04\/derniere_publication.png\" alt=\"\" width=\"102\" height=\"100\" \/><\/strong>La conf\u00e9rence \u00ab\u00a0Engaging Citizen Science\u00a0\u00bb aura lieu le <strong>25 et 26 avril 2022<\/strong> au centre de conf\u00e9rences de l&rsquo;universit\u00e9 d&rsquo;Aarhus, Fredrik Nielsens au Danemark.<\/p>\n<p><a href=\"https:\/\/conferences.au.dk\/citsci2022\/\" target=\"_blank\" rel=\"noopener\">Pour vous inscrire<\/a><\/p>\n<p>&nbsp;<\/p>\n<hr \/>\n<p><strong><img loading=\"lazy\" decoding=\"async\" class=\"size-full wp-image-883 alignleft\" src=\"https:\/\/ist.blogs.inra.fr\/sciencesparticipatives\/wp-content\/uploads\/sites\/22\/2018\/04\/derniere_publication.png\" alt=\"\" width=\"102\" height=\"100\" \/><\/strong>La 9e Conf\u00e9rence internationale \u00ab\u00a0Living Knowledge Conference\u00a0\u00bb se d\u00e9roulera du <strong>mardi 28 juin en 2022 au vendredi 1er juillet 2022<\/strong> \u00e0 Groningue, Pays-Bas.<\/p>\n<p>Conf\u00e9rence : Mercredi 29 juin, jeudi 30 juin et vendredi 1er juillet 2022<br \/>\nProgramme pr\u00e9-conf\u00e9rence (ateliers, universit\u00e9s d&rsquo;\u00e9t\u00e9, r\u00e9unions de r\u00e9seau) : Mardi 28 juin 2022<\/p>\n<p><a href=\"https:\/\/livingknowledge.org\/lk9\/\" target=\"_blank\" rel=\"noopener\">Pour vous inscrire\u00a0<\/a><\/p>\n<hr \/>\n<p>Le colloque \u00ab L&rsquo;\u00e9valuation des sciences et recherches participatives \u00bb de\u00a0 L&rsquo;Alliance Sorbonne Universit\u00e9, se d\u00e9roulera<br \/>\n<strong>le 5 juillet 2021, de 9h30 \u00e0 17h<\/strong> en visioconf\u00e9rence.<\/p>\n<p>Les indicateurs retenus pour \u00e9valuer les projets de sciences et recherches participatives se limitent souvent au nombre de participants ou de donn\u00e9es produites sans mettre en avant la richesse et les autres apports de ces projets. Partant de ce constat, Science Ensemble, le r\u00e9seau m\u00e9tier des sciences et recherches participatives de l\u2019Alliance Sorbonne Universit\u00e9, travaille \u00e0 l\u2019\u00e9laboration d\u2019indicateurs d\u2019\u00e9valuation des programmes de sciences et recherches participatives qui valorisent les sp\u00e9cificit\u00e9s de ces projets et notamment leurs apports en terme de construction de connaissances nouvelles, de diffusion de celles-ci et d\u2019impact soci\u00e9taux des projets.<br \/>\nL\u2019enjeu de ce colloque est d&rsquo;\u00e9largir les discussions sur ces indicateurs et de croiser les regards sur cette question cruciale de l\u2019\u00e9valuation des sciences et recherches participatives.<\/p>\n<p>Pr\u00e9-programme<\/p>\n<p>9h30 &#8211; 10h00 : Introduction : Pr\u00e9sentation du travail collectif sur l\u2019\u00e9valuation des sciences et recherches participatives au sein de l\u2019Alliance Sorbonne Universit\u00e9<br \/>\n10h00 &#8211; 11h00 : Les travaux sur l\u2019\u00e9valuation dans les autres r\u00e9seaux de sciences et recherches participatives<br \/>\n11h00 &#8211; 12h00 : Pr\u00e9sentation et Datathon sur la grille d\u2019\u00e9valuation propos\u00e9e<\/p>\n<p>12h &#8211; 13h00 : D\u00e9jeuner<\/p>\n<p>13h &#8211; 14h : Th\u00e8me 1 : Apports des sciences et recherches participatives \u00e0 la construction de nouvelles connaissances<br \/>\n14h15 &#8211; 15h15 : Th\u00e8me 2 : La contribution des sciences et recherches participatives \u00e0 la diffusion des connaissances<br \/>\n15h30 &#8211; 16h30 : Th\u00e8me 3 : Les impacts soci\u00e9taux des sciences et recherches participatives.<br \/>\n16h30 &#8211; 17h : Conclusion<\/p>\n<p><a href=\"https:\/\/framaforms.org\/colloque-evaluation-des-sciences-et-recherches-participatives-1621497804\" target=\"_blank\" rel=\"noopener\">Pour vous inscrire<\/a><br \/>\nUn lien de connexion vous sera envoy\u00e9 quelques jours avant le colloque<\/p>\n<p>&nbsp;<\/p>\n<hr \/>\n<p>Ecole-chercheurs sur les sciences et recherches participatives du <strong>15 au 19 novembre 2021<\/strong>.<br \/>\nDate limite de pr\u00e9-inscription : 11 mai 2021<\/p>\n<p><a href=\"https:\/\/ist.blogs.inrae.fr\/sciencesparticipatives\/wp-content\/uploads\/sites\/22\/2021\/04\/save_the_date_EC-SRP2021.pdf\">Voir la plaquette de l&rsquo;annonce<\/a><\/p>\n<hr \/>\n<p>dia-pause (dialogue, \u00e9changes d\u2019exp\u00e9riences et pause r\u00e9flexive) du <strong>mercredi 29 septembre au vendredi 1er octobre 2021<\/strong>.<br \/>\nDate limite de pr\u00e9-inscription : 11 mai 2021<\/p>\n<p><a href=\"https:\/\/ist.blogs.inrae.fr\/sciencesparticipatives\/wp-content\/uploads\/sites\/22\/2021\/04\/Dia-pause-Save_the_date_29_sept-1er_oct-vf.pdf\">Voir le PDF de l&rsquo;annonce<\/a> ;<br \/>\n<a href=\"https:\/\/ist.blogs.inrae.fr\/sciencesparticipatives\/wp-content\/uploads\/sites\/22\/2021\/04\/Dia-pause-dialogue-echanges-dexperiences-et-pause-reflexive_recto-verso-vf.docx\">Pour en savoir plus sur dia-pause<\/a> ;<br \/>\n<a href=\"https:\/\/ist.blogs.inrae.fr\/sciencesparticipatives\/wp-content\/uploads\/sites\/22\/2021\/04\/dia-pause_manifestation_dinteret-vf.docx\">\u00a0\u00a0\u00a0\u00a0\u00a0\u00a0\u00a0\u00a0\u00a0\u00a0\u00a0\u00a0\u00a0\u00a0\u00a0\u00a0\u00a0\u00a0\u00a0\u00a0\u00a0\u00a0\u00a0\u00a0\u00a0\u00a0\u00a0\u00a0\u00a0 Manifestation d\u2019int\u00e9r\u00eat<\/a> \u00e0 envoyer avant le 30 avril \u00e0 \u00e0 <a href=\"mailto:marco.barzman@inrae.fr\">marco.barzman@inrae.fr<\/a> et <a href=\"mailto:nathalie.couix@inrae.fr\">nathalie.couix@inrae.fr<\/a><\/p>\n<hr \/>\n<p>Ecole-chercheurs :\u00ab La conception innovante pour favoriser l\u2019innovation et les recherches cr\u00e9atives \u00bb du <strong>25 au 29 janvier 2021<\/strong> (r\u00e9gion Lyonnaise).<br \/>\nDate limite de pr\u00e9-inscription : 14 septembre 2020<\/p>\n<p><a href=\"https:\/\/ist.blogs.inrae.fr\/sciencesparticipatives\/wp-content\/uploads\/sites\/22\/2020\/07\/plaquette_ecoconception_innovante_vdef.pdf\" target=\"_blank\" rel=\"noopener noreferrer\">Voir la plaquette de l&rsquo;annonce.<\/a><\/p>\n<hr \/>\n<p>Ecole th\u00e9matique : \u201cCocr\u00e9er les savoirs pour construire la soci\u00e9t\u00e9 de demain\u201d aura lieu \u00e0 Bruxelles (Belgique) du <strong>dimanche 3 janvier 2021 au vendredi 8 janvier 2021<\/strong>.<\/p>\n<p>Pour \u00eatre tenu au courant de l\u2019ouverture des pr\u00e9inscriptions \u00e0 l\u2019\u00e9cole th\u00e9matique, veuillez compl\u00e9tez le formulaire en suivant le lien suivant :<br \/>\n<a href=\"https:\/\/forms.gle\/YiRTLacc3pJxjx6a8\" target=\"_blank\" rel=\"noopener noreferrer\">https:\/\/forms.gle\/YiRTLacc3pJxjx6a8<\/a>.<\/p>\n<p><a href=\"https:\/\/ist.blogs.inrae.fr\/sciencesparticipatives\/wp-content\/uploads\/sites\/22\/2020\/07\/flyer_Ecole-thematique-co-cr\u00e9ation_Themaweek-co-creatie.pdf\" target=\"_blank\" rel=\"noopener noreferrer\">Voir le flyer<\/a><\/p>\n<hr \/>\n<p>Le 12\u00e8me FORUM DE GENEVE se tiendra du <strong>lundi<\/strong> <strong>7 au Vendredi 11 D\u00e9cembre 2020<\/strong> au Palais des Nations<br \/>\nOrganisation des Nations Unies, Gen\u00e8ve (Suisse)<\/p>\n<p><a href=\"http:\/\/www.osi-genevaforum.org\/Registration.html?lang=fr\">Voir le pdf \u00ab Programme de la Semaine \u00bb<\/a><\/p>\n<hr \/>\n<p><strong>\u00a0<\/strong>Les Assises du Tiers Secteur de la Recherche se tiendront \u00e0 Rennes du <strong>29 novembre au 1er d\u00e9cembre 2020<\/strong><\/p>\n<p>La date limite d&rsquo;inscription est fix\u00e9e au 15 mars 2020<\/p>\n<p>En savoir plus :<\/p>\n<ul>\n<li>Site de l\u2019\u00e9v\u00e9nement :<br \/>\n<a href=\"https:\/\/www.tiers-secteur-recherche.org\/\" target=\"_blank\" rel=\"noopener noreferrer\">https:\/\/www.tiers-secteur-recherche.org\/<\/a><\/li>\n<li>Pour vous inscrire :<br \/>\n<a href=\"https:\/\/www.helloasso.com\/associations\/alliss\/evenements\/assises-du-tiers-secteur-de-la-recherche-rennes-29-novembre-au-1er-decembre-2020\" target=\"_blank\" rel=\"noopener noreferrer\">https:\/\/www.helloasso.com\/associations\/alliss\/evenements\/assises-du-tiers-secteur-de-la-recherche-rennes-29-novembre-au-1er-decembre-2020<\/a><\/li>\n<\/ul>\n<p>Vous pouvez aussi proposer des activit\u00e9s (135 propositions d\u2019atelier ont d\u00e9j\u00e0 \u00e9t\u00e9 transmises) :<br \/>\n<a href=\"https:\/\/framaforms.org\/vers-les-assises-du-tiers-secteur-de-la-recherche-1584175212\" target=\"_blank\" rel=\"noopener noreferrer\">https:\/\/framaforms.org\/vers-les-assises-du-tiers-secteur-de-la-recherche-1584175212<\/a><\/p>\n<hr \/>\n<p><strong>\u00a0<\/strong>Pour les personnes ayant suivi un module de formation propos\u00e9 par CoT\u00e9Act en 2018 et 2019, trois diff\u00e9rents modules sont propos\u00e9s pour poursuivre votre apprentissage et\/ou affiner vos pratiques :<\/p>\n<p>&nbsp;<\/p>\n<ol>\n<li><a href=\"https:\/\/www.coteact.com\/formation-jeu-comedien-2020\/\" target=\"_blank\" rel=\"noopener noreferrer\">Se former \u00e0 la pratique de com\u00e9dien(ne) th\u00e9\u00e2tre-forum<\/a>, 3 jours \u00e0 Montpellier <strong>du 27 au 29 ao\u00fbt<\/strong>, anim\u00e9e par Catherine Lumal\u00e9 et Anne Berchon ;<\/li>\n<li><a href=\"https:\/\/www.coteact.com\/formation-mobilisation-2020\/\" target=\"_blank\" rel=\"noopener noreferrer\">Mobiliser le th\u00e9\u00e2tre-forum pour l&rsquo;animation et l&rsquo;action collective<\/a>, 4 jours en r\u00e9sidence au Hameau de l\u2019\u00c9toile, <strong>du 12 au 16 octobre<\/strong>, anim\u00e9e par Fran\u00e7ois Bousquet et Anne Berchon ;<\/li>\n<li><a href=\"https:\/\/www.coteact.com\/formation-facilitation-2020\/\" target=\"_blank\" rel=\"noopener noreferrer\">Se former \u00e0 la facilitation par le th\u00e9\u00e2tre-forum et th\u00e9\u00e2tre-image<\/a>, 5 jours en r\u00e9sidence au Hameau de l\u2019\u00c9toile, <strong>du 23 au 27 novembre<\/strong>, anim\u00e9e par Fran\u00e7ois Bousquet et Anne Berchon, priorit\u00e9 donn\u00e9e aux personnes ayant suivi un des modules de formation propos\u00e9 par CoT\u00e9Act.<\/li>\n<\/ol>\n<hr \/>\n<p>Les sessions de formation non dipl\u00f4mantes d\u00e9di\u00e9es \u00e0 la mod\u00e9lisation d&rsquo;accompagnement se d\u00e9rouleront du <strong>12 au 16 octobre 2020<\/strong> \u00e0 Ch\u00e2teauneuf-de-Gadagne (proche d&rsquo;Avignon).<\/p>\n<p>La date limite d&rsquo;inscription est fix\u00e9e au 15 mars 2020<\/p>\n<p>En savoir plus :<\/p>\n<ul>\n<li>Voir la plaquette : <a href=\"https:\/\/collaboratif.cirad.fr\/alfresco\/s\/d\/workspace\/SpacesStore\/0b8a447a-733b-4c92-ab26-0fdb3c25db84\/EC%20ComMod%202020_FRANCE_plaquette_finalis%C3%A9e.pdf\">https:\/\/collaboratif.cirad.fr\/alfresco\/s\/d\/workspace\/SpacesStore\/0b8a447a-733b-4c92-ab26-0fdb3c25db84\/EC%20ComMod%202020_FRANCE_plaquette_finalis%C3%A9e.pdf<\/a><\/li>\n<li>Formulaire d&rsquo;inscription en ligne : <a href=\"https:\/\/docs.google.com\/forms\/d\/e\/1FAIpQLSesb0C_qJ34BKQBvh-M_DjQZ_khaHN4UnEsy07AZfhJ-BJiXw\/viewform\">https:\/\/docs.google.com\/forms\/d\/e\/1FAIpQLSesb0C_qJ34BKQBvh-M_DjQZ_khaHN4UnEsy07AZfhJ-BJiXw\/viewform<\/a><\/li>\n<li>Contact pour tout compl\u00e9ment d&rsquo;information : <a href=\"mailto:martine.juquel@lisode.com\">martine.juquel@lisode.com<\/a><\/li>\n<\/ul>\n<hr \/>\n<p>La 5\u00e8me \u00e9dition de l&rsquo;\u00e9cole d\u2019\u00e9t\u00e9 internationale intitul\u00e9e \u00ab Concepts and tools to engage in knowledge co-production and public participation \u00bb,<br \/>\naura lieu du <strong>6 au 10 juillet 2020<\/strong> \u00e0 la MSH Sud Montpellier<\/p>\n<p>Ce cours est co-organis\u00e9 par <a href=\"http:\/\/www.lisode.com\/accueil\/\" target=\"_blank\" rel=\"noopener noreferrer\">LISODE<\/a> (France) et <a href=\"https:\/\/csg.rc.iseg.ulisboa.pt\/pt\/\" target=\"_blank\" rel=\"noopener noreferrer\">SOCIUS-CSG\/ISEG<\/a> (Portugal)<\/p>\n<p>Date limite d\u2019inscription : 15 juin 2020<\/p>\n<p>En savoir plus :<\/p>\n<ul>\n<li>Site web : <a href=\"http:\/\/participationsummerschool.lisode.com\/\" target=\"_blank\" rel=\"noopener noreferrer\">http:\/\/participationsummerschool.lisode.com\/<\/a> ;<\/li>\n<li>Flyer : <a href=\"http:\/\/www.lisode.com\/wp-content\/uploads\/2020\/02\/Fly-Summer-School-2020.pdf\" target=\"_blank\" rel=\"noopener noreferrer\">http:\/\/www.lisode.com\/wp-content\/uploads\/2020\/02\/Fly-Summer-School-2020.pdf<\/a> ;<\/li>\n<li>Formulaire d\u2019inscription en ligne : <a href=\"https:\/\/lisode.typeform.com\/to\/pWklNc\" target=\"_blank\" rel=\"noopener noreferrer\">https:\/\/lisode.typeform.com\/to\/pWklNc<\/a> ;<\/li>\n<li>Pour toute demande d\u2019information compl\u00e9mentaire, merci d\u2019\u00e9crire \u00e0 <a href=\"mailto:summerschool@lisode.com\" target=\"_blank\" rel=\"noopener noreferrer\">summerschool@lisode.com<\/a>.<\/li>\n<\/ul>\n<hr \/>\n<p>La Caisse nationale de solidarit\u00e9 pour l&rsquo;autonomie (CNSA) vient de lancer les appels \u00e0 projets <strong>2020<\/strong> de son programme \u00ab <a href=\"https:\/\/www.iresp.net\/financements\/appels-a-projets-programme-handicap-et-perte-dautonomie\/\" target=\"_blank\" rel=\"noopener noreferrer\">Autonomie : personnes \u00e2g\u00e9es, personnes en situation de handicap<\/a> \u00bb :<\/p>\n<p>La CNSA a mis l&rsquo;accent cette ann\u00e9e sur le d\u00e9veloppement des recherches participatives :<\/p>\n<ul>\n<li>en lan\u00e7ant un appel \u00e0 projets dont le but est de cr\u00e9er des communaut\u00e9s mixtes associant chercheurs et non-chercheurs ;<\/li>\n<li>en int\u00e9grant la dimension participative dans les projets de recherche eux-m\u00eames.<\/li>\n<\/ul>\n<hr \/>\n<p>L&rsquo;\u00e9cole th\u00e9matique : \u00ab Co-cr\u00e9er les savoirs pour construire la soci\u00e9t\u00e9 de demain \u00bb se d\u00e9roulera \u00e0 Bruxelles du <strong>4 juillet au 10 juillet 2020<\/strong>. Cette \u00e9cole th\u00e9matique, organis\u00e9e par le centre d&rsquo;accompagnement des projets en co-cr\u00e9ation (CAPCOC ASBL), fait notamment suite <a href=\"http:\/\/websie.cefe.cnrs.fr\/gdrparcs\/?page_id=201\" target=\"_blank\" rel=\"noopener noreferrer\">aux \u00e9coles th\u00e9matiques du GDR PARCS<\/a>, \u00e0 la journ\u00e9e d&rsquo;\u00e9tude \u00ab <a href=\"https:\/\/cdn.uclouvain.be\/groups\/cms-editors-laap\/photos\/events\/transdisciplinarite\/Programme transdisciplinarite_05.09 %28002%29.pdf\" target=\"_blank\" rel=\"noopener noreferrer\">La recherche transdisciplinaire au sein des universit\u00e9<\/a> \u00bb\u00a0 et s&rsquo;inspire entre autres des exp\u00e9riences acquises dans le cadre de l&rsquo;<a href=\"http:\/\/www.cocreate.brussels\/\" target=\"_blank\" rel=\"noopener noreferrer\">Action Co-create financ\u00e9e par Innoviris<\/a> (Bruxelles, Belgique)<\/p>\n<p><a href=\"https:\/\/ist.blogs.inrae.fr\/sciencesparticipatives\/wp-content\/uploads\/sites\/22\/2020\/02\/Ecole_thematique_4-au_10.07.20.png\" target=\"_blank\" rel=\"noopener noreferrer\">Voir l&rsquo;affiche de l&rsquo;\u00e9v\u00e8nement<\/a><\/p>\n<p>Pour contacter l&rsquo;\u00e9quipe d&rsquo;organisation de l&rsquo;\u00e9cole th\u00e9matique :<\/p>\n<p><a href=\"mailto:ecolethematique2020@cocreate.brussels\">ecolethematique2020@cocreate.brussels<\/a><\/p>\n<hr \/>\n<p>Appel \u00e0 articles pour la revue \u00ab \u00c9tudes de communication \u00bb, dont la 56e livraison, coordonn\u00e9e par C\u00e9line Pascual-Espuny (IMSIC, Aix-Marseille Universit\u00e9), Andrea Catellani, (LASCO, Universit\u00e9 catholique de Louvain) et B\u00e9atrice Jalenques-Vigouroux (LERASS, INSA Toulouse), portera sur \u00ab Sciences participatives : utopie d\u00e9mocratique, innovation, exigence sociale ? \u00bb.<br \/>\n<a href=\"https:\/\/journals.openedition.org\/edc\/9100\" target=\"_blank\" rel=\"noopener noreferrer\">D\u00e9couvrir les modalit\u00e9s de cet appel \u00e0 articles<\/a><\/p>\n<p>La s\u00e9lection des propositions de contribution se fait en deux temps :<br \/>\n\u2022 sur la base d\u2019un r\u00e9sum\u00e9 de 1 500 \u00e0 2 000 mots qui pr\u00e9sentera les objectifs, l\u2019argumentation et l\u2019originalit\u00e9 de la proposition ainsi que quelques orientations bibliographiques,<br \/>\n\u2022 pour les r\u00e9sum\u00e9s retenus, une seconde \u00e9valuation sera r\u00e9alis\u00e9e sur la base des articles d\u00e9finitifs.<\/p>\n<p>L\u2019envoi des r\u00e9sum\u00e9s au format Word (.docx) ou OpenDocument (.odt) se fait au plus tard le <strong>20 avril 2020<\/strong>.<\/p>\n<p><strong>Juin 2021<\/strong> : publication du dossier dans le num\u00e9ro 56 \u00ab \u00c9tudes de Communication \u00bb.<\/p>\n<hr \/>\n<hr \/>\n<p>L\u2019ANRT, la CPU, l\u2019Alliance Ath\u00e9na, le CNRS et Orange organisent un colloque sur le th\u00e8me \u00ab la recherche partenariale en SHS : enjeux et conditions de la r\u00e9ussite \u00bb. Il se d\u00e9roulera le <strong>5 mars 2020<\/strong> \u00e0 Paris.<\/p>\n<p>Vous trouverez ci joint l\u2019appel \u00e0 participation aux tables rondes.<\/p>\n<p><a href=\"https:\/\/ist.blogs.inra.fr\/sciencesparticipatives\/wp-content\/uploads\/sites\/22\/2019\/10\/appel_\u00e0_participation_au_tables_rondes.pdf\" target=\"_blank\" rel=\"noopener noreferrer\">Appel \u00e0 participation aux tables rondes<\/a><\/p>\n<hr \/>\n<p>Une journ\u00e9e d&rsquo;\u00e9tudes, organis\u00e9e dans le cadre des activit\u00e9s de l&rsquo;association Natures Sciences Soci\u00e9t\u00e9s Dialogues (NSS Dialogues) sur le th\u00e8me \u00ab L&rsquo;interdisciplinarit\u00e9 \u00e0 l&rsquo;\u00e9preuve des sciences transformatives \u00bb se d\u00e9roulera le vendredi <strong>13 d\u00e9cembre 2019<\/strong> \u00e0 AgroParisTech (Paris, 5\u00e8me arrondissement), de 09h00 \u00e0 17h00.<\/p>\n<p>La participation \u00e0 cette journ\u00e9e requiert l&rsquo;adh\u00e9sion \u00e0 l&rsquo;association NSS Dialogues pour l&rsquo;ann\u00e9e 2020 (30 Euros, 15 Euros pour les \u00e9tudiants) et vous trouverez, ci-dessous, le bulletin d&rsquo;adh\u00e9sion \u00e0 compl\u00e9ter en compl\u00e9ment de votre inscription en ligne.<\/p>\n<p><a href=\"https:\/\/ist.blogs.inra.fr\/sciencesparticipatives\/wp-content\/uploads\/sites\/22\/2019\/11\/programme_sciences_transformatives_13-dec-2019.pdf\">Programme de la journ\u00e9e<\/a><\/p>\n<p><a href=\"https:\/\/docs.google.com\/forms\/d\/e\/1FAIpQLSd7vkjgC3F7UnE6A7a3iClrf7okNb7E_cPMeE-cjNxnMZ726Q\/viewform?usp=sf_link\" target=\"_blank\" rel=\"noopener noreferrer\">Inscription en ligne<\/a><\/p>\n<p><a href=\"https:\/\/ist.blogs.inra.fr\/sciencesparticipatives\/wp-content\/uploads\/sites\/22\/2019\/11\/bulletin-dadh\u00e9sion-2020-VF.docx\">Bulletin d&rsquo;adh\u00e9sion<\/a><\/p>\n<hr \/>\n<p>&nbsp;<\/p>\n","protected":false},"excerpt":{"rendered":"<p>&nbsp; &nbsp; &nbsp; &nbsp; &nbsp; &nbsp; &nbsp; &nbsp; &nbsp; La conf\u00e9rence \u00ab\u00a0Engaging Citizen Science\u00a0\u00bb aura lieu le 25 et 26 avril 2022 au centre de conf\u00e9rences de l&rsquo;universit\u00e9 d&rsquo;Aarhus, Fredrik Nielsens au Danemark. Pour vous inscrire &nbsp; La 9e Conf\u00e9rence &hellip; <a href=\"https:\/\/ist.blogs.inrae.fr\/sciencesparticipatives\/agenda\/\">Lire la suite\u00ad\u00ad<\/a><\/p>\n","protected":false},"author":102,"featured_media":0,"parent":0,"menu_order":2,"comment_status":"closed","ping_status":"closed","template":"page-sidebar.php","meta":{"_bbp_topic_count":0,"_bbp_reply_count":0,"_bbp_total_topic_count":0,"_bbp_total_reply_count":0,"_bbp_voice_count":0,"_bbp_anonymous_reply_count":0,"_bbp_topic_count_hidden":0,"_bbp_reply_count_hidden":0,"_bbp_forum_subforum_count":0,"footnotes":""},"class_list":["post-53","page","type-page","status-publish","hentry"],"_links":{"self":[{"href":"https:\/\/ist.blogs.inrae.fr\/sciencesparticipatives\/wp-json\/wp\/v2\/pages\/53","targetHints":{"allow":["GET"]}}],"collection":[{"href":"https:\/\/ist.blogs.inrae.fr\/sciencesparticipatives\/wp-json\/wp\/v2\/pages"}],"about":[{"href":"https:\/\/ist.blogs.inrae.fr\/sciencesparticipatives\/wp-json\/wp\/v2\/types\/page"}],"author":[{"embeddable":true,"href":"https:\/\/ist.blogs.inrae.fr\/sciencesparticipatives\/wp-json\/wp\/v2\/users\/102"}],"replies":[{"embeddable":true,"href":"https:\/\/ist.blogs.inrae.fr\/sciencesparticipatives\/wp-json\/wp\/v2\/comments?post=53"}],"version-history":[{"count":0,"href":"https:\/\/ist.blogs.inrae.fr\/sciencesparticipatives\/wp-json\/wp\/v2\/pages\/53\/revisions"}],"wp:attachment":[{"href":"https:\/\/ist.blogs.inrae.fr\/sciencesparticipatives\/wp-json\/wp\/v2\/media?parent=53"}],"curies":[{"name":"wp","href":"https:\/\/api.w.org\/{rel}","templated":true}]}}