{"id":28,"date":"2017-06-14T10:11:13","date_gmt":"2017-06-14T09:11:13","guid":{"rendered":"https:\/\/sciencesparticipativesinra.wordpress.com\/?page_id=28"},"modified":"2022-10-13T14:40:46","modified_gmt":"2022-10-13T12:40:46","slug":"publications","status":"publish","type":"page","link":"https:\/\/ist.blogs.inrae.fr\/sciencesparticipatives\/publications\/","title":{"rendered":"Publications"},"content":{"rendered":"<hr \/>\n<h4>Cette page est d\u00e9di\u00e9e aux ressources documentaires sur les sciences et recherches participatives<\/h4>\n<table style=\"height: 10517px\" width=\"1058\">\n<tbody>\n<tr>\n<td><a href=\"https:\/\/www.vigienature.fr\/sites\/vigienature\/files\/atoms\/files\/livret_sciences_participatives-web_page_a_page_0.pdf\" target=\"_blank\" rel=\"noopener\">Les sciences participatives dans l&rsquo;enseignement agricole<\/a><\/p>\n<p>Recueil d&rsquo;exp\u00e9riences. Les sciences participatives au service d\u2019une<br \/>\np\u00e9dagogie active et d\u2019une formation citoyenne.<br \/>\nAuteurs : MNHN<\/td>\n<td><a href=\"https:\/\/www.vigienature.fr\/sites\/vigienature\/files\/atoms\/files\/livret_sciences_participatives-web_page_a_page_0.pdf\" target=\"_blank\" rel=\"noopener\"><img loading=\"lazy\" decoding=\"async\" class=\"aligncenter size-full wp-image-24779\" src=\"https:\/\/ist.blogs.inrae.fr\/sciencesparticipatives\/wp-content\/uploads\/sites\/22\/2022\/10\/sciences_participatives_dans_lenseignement_agricole.png\" alt=\"\" width=\"200\" height=\"276\" \/><\/a><\/td>\n<\/tr>\n<tr>\n<td><a href=\"https:\/\/ist.blogs.inrae.fr\/sciencesparticipatives\/wp-content\/uploads\/sites\/22\/2022\/01\/NOVAE_SciencesRecherchesParticipatives_2021_NumeroComplet_compressed.pdf\" target=\"_blank\" rel=\"noopener\">Num\u00e9ro sp\u00e9cial \u00ab\u00a0Sciences et recherches participatives\u00a0\u00bb &#8211; NOV&rsquo;AE<\/a><\/p>\n<p>Comme en t\u00e9moigne ce num\u00e9ro sp\u00e9cial de NOV\u2019AE, les projets de sciences et recherches participatives men\u00e9s \u00e0 INRAE montrent une belle diversit\u00e9, tant dans les domaines scientifiques et les dispositifs mis en \u0153uvre que dans les acteurs impliqu\u00e9s ou les valorisations issues de la collaboration entre chercheurs et \u00ab\u00a0non-chercheurs\u00a0\u00bb. Vous trouverez dans ce num\u00e9ro des articles de perspectives historiques, des articles th\u00e9matiques, des interviews, des pr\u00e9sentations de projets et des retours d\u2019exp\u00e9rience.<br \/>\nPubli\u00e9 en d\u00e9cembre 2021<\/td>\n<td><a href=\"https:\/\/ist.blogs.inrae.fr\/sciencesparticipatives\/wp-content\/uploads\/sites\/22\/2022\/01\/NOVAE_SciencesRecherchesParticipatives_2021_NumeroComplet_compressed.pdf\" target=\"_blank\" rel=\"noopener\"><img loading=\"lazy\" decoding=\"async\" class=\"aligncenter wp-image-24638 size-full\" title=\"Num\u00e9ro sp\u00e9cial \u00ab Sciences et recherches participatives \u00bb \u2013 NOV\u2019AE\" src=\"https:\/\/ist.blogs.inrae.fr\/sciencesparticipatives\/wp-content\/uploads\/sites\/22\/2022\/01\/Novae.png\" alt=\"Num\u00e9ro sp\u00e9cial &quot;Sciences et recherches participatives&quot; - NOV'AE\" width=\"200\" height=\"301\" \/><\/a><\/td>\n<\/tr>\n<tr>\n<td><a href=\"http:\/\/www.set-revue.fr\/des-demarches-participatives-pour-penser-ensemble-la-gestion-de-leau-et-des-territoires\" target=\"_blank\" rel=\"noopener\">Num\u00e9ro th\u00e9matique \u00ab\u00a0D\u00e9marches participatives pour penser ensemble la gestion de l\u2019eau et des territoires\u00a0\u00bb &#8211; SET<\/a><br \/>\nCe num\u00e9ro th\u00e9matique de la revue Sciences Eaux &amp; Territoires rend compte, au travers de diff\u00e9rents t\u00e9moignages et retours d&rsquo;exp\u00e9riences, de la diversit\u00e9 des pratiques et des m\u00e9thodes employ\u00e9es pour faire participer les diff\u00e9rents acteurs, dont les citoyens, \u00e0 la gestion de l\u2019eau et des territoires.<br \/>\nPubli\u00e9 en juin 2021<\/td>\n<td><a href=\"http:\/\/www.set-revue.fr\/des-demarches-participatives-pour-penser-ensemble-la-gestion-de-leau-et-des-territoires\" target=\"_blank\" rel=\"noopener\"><img loading=\"lazy\" decoding=\"async\" class=\"wp-image-24651 size-full\" title=\"Revue Sciences Eaux &amp; Territoires\" src=\"https:\/\/ist.blogs.inrae.fr\/sciencesparticipatives\/wp-content\/uploads\/sites\/22\/2022\/02\/sciences-eaux__territoires.png\" alt=\"\" width=\"199\" height=\"285\" \/><\/a><\/td>\n<\/tr>\n<tr>\n<td><a href=\"https:\/\/ist.blogs.inrae.fr\/sciencesparticipatives\/wp-content\/uploads\/sites\/22\/2022\/01\/ECSA_Ten_principles_of_CS_French.pdf\" target=\"_blank\" rel=\"noopener\">ECSA_Les dix principes de sciences participatives<\/a><\/p>\n<p>Les sciences participatives sont un concept flexible qui peut \u00eatre adapt\u00e9 et appliqu\u00e9 dans de nombreuses situations et disciplines. Les principes ont \u00e9t\u00e9 d\u00e9velopp\u00e9s par le groupe de travail \u00abEchanger les bonnes pratiques et renforcer les capacit\u00e9s \u00bb de l\u2019European Citizen Science Association (ECSA), men\u00e9 par le Mus\u00e9um d\u2019Histoire Naturelle de Londres, avec la contribution de nombreux membres de l\u2019Association, afin d\u2019\u00e9tablir les principes cl\u00e9s qui sous-tendent les bonnes pratiques en mati\u00e8re de sciences participatives selon ce groupe de travail.<br \/>\nPubli\u00e9 en mars 2016<\/td>\n<td><a href=\"https:\/\/ist.blogs.inrae.fr\/sciencesparticipatives\/wp-content\/uploads\/sites\/22\/2022\/01\/ECSA_Ten_principles_of_CS_French.pdf\" target=\"_blank\" rel=\"noopener\"><img loading=\"lazy\" decoding=\"async\" class=\"aligncenter wp-image-24634 size-full\" title=\"ECSA - Dix principes de sciences participatives\" src=\"https:\/\/ist.blogs.inrae.fr\/sciencesparticipatives\/wp-content\/uploads\/sites\/22\/2022\/01\/ECSA_Ten_principles_of_CS_French.png\" alt=\"\" width=\"200\" height=\"301\" \/><\/a><\/td>\n<\/tr>\n<tr>\n<td><a href=\"https:\/\/ist.blogs.inrae.fr\/sciencesparticipatives\/wp-content\/uploads\/sites\/22\/2016\/07\/VitiRepere-ASIRPA-pratiques-viticoles-18p-FR.pdf\" target=\"_blank\" rel=\"noopener\">Cette \u00e9valuation d&rsquo;un projet de recherche participative avec la m\u00e9thode ASIRPA<\/a> (Analyse de l&rsquo;impact soci\u00e9tal de la recherche) se penche sur les projets de recherche action participative portant sur les pratiques viticoles en Alsace, coordonn\u00e9s par Jean Masson (INRAE-UMR SVQV).<br \/>\nSeptembre 2021, M\u00e9lanie Henaux et Jean E. Masson.<\/td>\n<td><a href=\"https:\/\/ist.blogs.inrae.fr\/sciencesparticipatives\/wp-content\/uploads\/sites\/22\/2016\/07\/VitiRepere-ASIRPA-pratiques-viticoles-18p-FR.pdf\" target=\"_blank\" rel=\"noopener\"><img loading=\"lazy\" decoding=\"async\" class=\"aligncenter wp-image-24477 size-full\" title=\"Co-conception de pratiques viticoles agro\u00e9cologiques par la recherche-action participative\" src=\"https:\/\/ist.blogs.inrae.fr\/sciencesparticipatives\/wp-content\/uploads\/sites\/22\/2021\/09\/VitiRepere-ASIRPA-pratiques-viticoles-18p-FR.png\" alt=\"\" width=\"200\" height=\"301\" \/><\/a><\/td>\n<\/tr>\n<tr>\n<td><a href=\"https:\/\/link.springer.com\/book\/10.1007%2F978-3-030-58278-4?page=2#toc\" target=\"_blank\" rel=\"noopener\">The Science of Citizen Science<\/a>, un ouvrage tr\u00e8s complet et en acc\u00e8s libre, publi\u00e9 en 2021 par les animateurs du COST &lsquo;Citizen Science&rsquo;, 529 pages.<\/p>\n<p>&nbsp;<\/td>\n<td><a href=\"https:\/\/ist.blogs.inrae.fr\/sciencesparticipatives\/wp-content\/uploads\/sites\/22\/2021\/07\/2021_Book_TheScienceOfCitizenScience.pdf\"><img loading=\"lazy\" decoding=\"async\" class=\"aligncenter wp-image-24469 size-full\" title=\"The Science of Citizen Science\" src=\"https:\/\/ist.blogs.inrae.fr\/sciencesparticipatives\/wp-content\/uploads\/sites\/22\/2021\/07\/Citizen-Science_200px.jpg\" alt=\"\" width=\"200\" height=\"301\" \/><\/a><\/td>\n<\/tr>\n<tr>\n<td><a href=\"https:\/\/ist.blogs.inrae.fr\/sciencesparticipatives\/wp-content\/uploads\/sites\/22\/2021\/06\/20_07_Cahier_Action_n\u00b055.pdf\" target=\"_blank\" rel=\"noopener\">Construire la recherche avec la soci\u00e9t\u00e9 civile<\/a> : les enjeux de la d\u00e9marche<br \/>\nd\u2019interm\u00e9diation, INJEP, coll. \u00ab Cahiers de l\u2019action \u00bb, no 55, Paris, 2020<\/td>\n<td><a href=\"https:\/\/ist.blogs.inrae.fr\/sciencesparticipatives\/wp-content\/uploads\/sites\/22\/2021\/06\/20_07_Cahier_Action_n\u00b055.pdf\" target=\"_blank\" rel=\"noopener\"><img loading=\"lazy\" decoding=\"async\" class=\"aligncenter wp-image-24466 size-full\" title=\"Construire la recherche avec la soci\u00e9t\u00e9 civile\" src=\"https:\/\/ist.blogs.inrae.fr\/sciencesparticipatives\/wp-content\/uploads\/sites\/22\/2021\/06\/20_07_Cahier_Action_n\u00b055.png\" alt=\"\" width=\"204\" height=\"272\" \/><\/a><\/td>\n<\/tr>\n<tr>\n<td><a href=\"https:\/\/ist.blogs.inrae.fr\/sciencesparticipatives\/wp-content\/uploads\/sites\/22\/2016\/07\/contenus_methode_REPERE_GIEE_Westhalten.pdf\" target=\"_blank\" rel=\"noopener\">Contenus explicatifs de deux pages<\/a>, au format PDF, de la m\u00e9thode de recherche action participative REPERE d\u00e9velopp\u00e9e par le GIEE de Westhalten<\/td>\n<td><a href=\"https:\/\/ist.blogs.inrae.fr\/sciencesparticipatives\/wp-content\/uploads\/sites\/22\/2016\/07\/contenus_methode_REPERE_GIEE_Westhalten.pdf\" target=\"_blank\" rel=\"noopener\"><img loading=\"lazy\" decoding=\"async\" class=\"aligncenter wp-image-24460 size-full\" title=\"Contenus explicatifs de la m\u00e9thode de recherche action participative REPERE\" src=\"https:\/\/ist.blogs.inrae.fr\/sciencesparticipatives\/wp-content\/uploads\/sites\/22\/2021\/05\/methode-REPERE_204px.jpg\" alt=\"\" width=\"204\" height=\"272\" \/><\/a><\/td>\n<\/tr>\n<tr>\n<td>La revue Natures Sciences Soci\u00e9t\u00e9s est \u00e0 pr\u00e9sent en acc\u00e8s libre et gratuit.<\/p>\n<p><a href=\"https:\/\/www.nss-journal.org\/fr\/articles\/nss\/abs\/2017\/05\/contents\/contents.html\" target=\"_blank\" rel=\"noopener\">Acc\u00e9der aux dossiers sur les recherches participatives<\/a><\/td>\n<td><a href=\"https:\/\/www.nss-journal.org\/fr\/articles\/nss\/abs\/2017\/05\/contents\/contents.html\" target=\"_blank\" rel=\"noopener\"><img loading=\"lazy\" decoding=\"async\" class=\"aligncenter wp-image-24443 size-full\" title=\"Natures Sciences Soci\u00e9t\u00e9s\" src=\"https:\/\/ist.blogs.inrae.fr\/sciencesparticipatives\/wp-content\/uploads\/sites\/22\/2021\/04\/NSS_277_L204.jpg\" alt=\"\" width=\"204\" height=\"272\" \/><\/a><\/td>\n<\/tr>\n<tr>\n<td><a href=\"https:\/\/ist.blogs.inrae.fr\/sciencesparticipatives\/wp-content\/uploads\/sites\/22\/2021\/02\/12_Guide_ANRS_Recherche-communautaire.pdf\" target=\"_blank\" rel=\"noopener noreferrer\">\u00ab 12_Guide_ANRS_Recherche communautaire \u00bb<\/a> publi\u00e9 en 2012 par l\u2019ANRS (214 pages).<br \/>\nCe guide m\u00e9thodologique a \u00e9t\u00e9 \u00e9crit par Elise Demange, Emilie Henry et Marie Pr\u00e9au.<\/td>\n<td><a href=\"https:\/\/ist.blogs.inrae.fr\/sciencesparticipatives\/wp-content\/uploads\/sites\/22\/2021\/02\/12_Guide_ANRS_Recherche-communautaire.pdf\" target=\"_blank\" rel=\"noopener noreferrer\"><img loading=\"lazy\" decoding=\"async\" class=\"aligncenter wp-image-24361 size-full\" title=\"De la recherche en collaboration \u00e0 la recherche communautaire\" src=\"https:\/\/ist.blogs.inrae.fr\/sciencesparticipatives\/wp-content\/uploads\/sites\/22\/2021\/02\/12_Guide_ANRS_Recherche-communautaire.png\" alt=\"Le guide la recherche communautaire\" width=\"200\" height=\"282\" \/><\/a><\/td>\n<\/tr>\n<tr>\n<td>N\u00b023 du journal Resolis de novembre 2020 &#8211; 76 pages :<br \/>\n<a href=\"https:\/\/www.resolis.org\/upload\/journal\/document\/80_20201117_resolis_23_vbap_compressed.pdf\" target=\"_blank\" rel=\"noopener noreferrer\">\u00ab\u00a0Retour sur l&rsquo;exp\u00e9rimentation sociop\u00f4les en m\u00e9tropole de Lyon et mise en perspectives\u00a0\u00bb<\/a><\/td>\n<td><a href=\"https:\/\/www.resolis.org\/upload\/journal\/document\/80_20201117_resolis_23_vbap_compressed.pdf\" target=\"_blank\" rel=\"noopener noreferrer\"><img loading=\"lazy\" decoding=\"async\" class=\"aligncenter wp-image-24315 size-full\" title=\"Ressource participative et sciences en soci\u00e9t\u00e9\" src=\"https:\/\/ist.blogs.inrae.fr\/sciencesparticipatives\/wp-content\/uploads\/sites\/22\/2021\/01\/Resolis_RP-et-SenS_medium.jpg\" alt=\"N\u00b023 du journal Resolis de novembre 2020\" width=\"200\" height=\"283\" \/><\/a><\/td>\n<\/tr>\n<tr>\n<td>Cette charte<a href=\"https:\/\/www.inrae.fr\/actualites\/lanses-brgm-lifremer-lineris-inrae-lirsn-luniversite-gustave-eiffel-sante-publique-france-signent-charte-douverture-societe\" target=\"_blank\" rel=\"noopener noreferrer\"> \u00ab\u00a0Ouverture \u00e0 la soci\u00e9t\u00e9 des \u00e9tablissements publics de recherche, d&rsquo;expertise et d&rsquo;\u00e9valuation des risques sanitaires et environnementaux\u00a0\u00bb<\/a>, adopt\u00e9e en 2008 et \u00e9largie en 2011 et 2016, accueille de nouveaux signataires le 27 nov. 2020 &#8211; 4 pages.<\/td>\n<td><a href=\"https:\/\/www.inrae.fr\/sites\/default\/files\/pdf\/Charte%20Ouverture%20%C3%A0%20la%20soci%C3%A9t%C3%A9_VF_0.pdf\"><img loading=\"lazy\" decoding=\"async\" class=\"aligncenter wp-image-24310 size-full\" title=\"Ouverture \u00e0 la soci\u00e9t\u00e9 des \u00e9tablissements publics de recherche, d'expertise et d'\u00e9valuation des risques sanitaires et environnementaux\" src=\"https:\/\/ist.blogs.inrae.fr\/sciencesparticipatives\/wp-content\/uploads\/sites\/22\/2021\/01\/charte_2020_ouverture-medium.jpg\" alt=\"Cette charte, adopt\u00e9e en 2008 et \u00e9largie en 2011 et 2016, accueille de nouveaux signatures le 27 nov. 2020.\" width=\"200\" height=\"283\" \/><\/a><\/td>\n<\/tr>\n<tr>\n<td>Recueil de savoirs permettant d\u2019appr\u00e9hender les \u00e9tapes cl\u00e9s pour produire et enrichir les semences prairiales :<a href=\"https:\/\/saint-flour-communaute.fr\/un-recueil-de-savoirs-pour-produire-des-semences-locales-dans-nos-prairies\/\" target=\"_blank\" rel=\"noopener noreferrer\">\u00ab Un recueil de savoirs pour produire des semences locales dans nos prairies \u00bb<\/a>.<br \/>\nL\u2019ouvrage s\u2019appuie sur le t\u00e9moignage des 7 agriculteurs mobilis\u00e9s dans le cadre de l&rsquo;exp\u00e9rience de restauration des prairies naturelles. Juillet 2020 &#8211;\u00a0 116 pages<\/td>\n<td><a href=\"https:\/\/saint-flour-communaute.fr\/un-recueil-de-savoirs-pour-produire-des-semences-locales-dans-nos-prairies\/\"><img loading=\"lazy\" decoding=\"async\" class=\"wp-image-24131 aligncenter\" title=\"Restaurer des prairies naturelles\" src=\"https:\/\/ist.blogs.inrae.fr\/sciencesparticipatives\/wp-content\/uploads\/sites\/22\/2020\/07\/restaurer_des-prairies_naturelles.png\" alt=\"Restaurer des prairies naturelles\" width=\"200\" height=\"280\" srcset=\"https:\/\/ist.blogs.inrae.fr\/sciencesparticipatives\/wp-content\/uploads\/sites\/22\/2020\/07\/restaurer_des-prairies_naturelles.png 680w, https:\/\/ist.blogs.inrae.fr\/sciencesparticipatives\/wp-content\/uploads\/sites\/22\/2020\/07\/restaurer_des-prairies_naturelles-214x300.png 214w, https:\/\/ist.blogs.inrae.fr\/sciencesparticipatives\/wp-content\/uploads\/sites\/22\/2020\/07\/restaurer_des-prairies_naturelles-600x841.png 600w\" sizes=\"auto, (max-width: 200px) 100vw, 200px\" \/><\/a><\/td>\n<\/tr>\n<\/tbody>\n<tbody>\n<tr>\n<td><a href=\"https:\/\/ist.blogs.inrae.fr\/sciencesparticipatives\/wp-content\/uploads\/sites\/22\/2020\/06\/Vade-mecum_Ifsttar_Pour_une_recherche_ouverte_a_la_societe.pdf\">\u00ab Pour une recherche ouverte \u00e0 la societ\u00e9 \u00bb<\/a>\u00a0: le Vade-mecum de l&rsquo;IFSTTAR.<br \/>\nExcoffon-Gagnoud M., Bonnard A., Rousselot C. et Brusque C. 2019. 35 pages<\/td>\n<td><a href=\"https:\/\/ist.blogs.inrae.fr\/sciencesparticipatives\/wp-content\/uploads\/sites\/22\/2020\/06\/Vade-mecum_Ifsttar_Pour_une_recherche_ouverte_a_la_societe.pdf\"><img loading=\"lazy\" decoding=\"async\" class=\"aligncenter wp-image-24073 size-full\" title=\"Pour une recherche ouverte \u00e0 la societ\u00e9\" src=\"https:\/\/ist.blogs.inrae.fr\/sciencesparticipatives\/wp-content\/uploads\/sites\/22\/2020\/06\/pour-une-recherche-ouverte-\u00e0-la-soci\u00e9t\u00e9.png\" alt=\"\" width=\"200\" height=\"131\" \/><\/a><\/td>\n<\/tr>\n<\/tbody>\n<tbody>\n<tr>\n<td><a href=\"https:\/\/ist.blogs.inrae.fr\/sciencesparticipatives\/wp-content\/uploads\/sites\/22\/2020\/01\/Sciences-et-soci\u00e9t\u00e9-les-conditions-du-dialogue_490025.pdf\">\u00ab Sciences et soci\u00e9t\u00e9 : les conditions du dialogue \u00bb<\/a>, \u00e9tude du Conseil \u00e9conomique, social et environnemental pr\u00e9sent\u00e9e par G\u00e9rard Aschieri, rapporteur au nom de la d\u00e9l\u00e9gation \u00e0 la prospective et \u00e0 l&rsquo;\u00e9valuation des politiques publiques. Document de 85 pages.<\/td>\n<td><a href=\"https:\/\/ist.blogs.inrae.fr\/sciencesparticipatives\/wp-content\/uploads\/sites\/22\/2020\/01\/Sciences-et-soci%C3%A9t%C3%A9-les-conditions-du-dialogue_490025.pdf\"><img loading=\"lazy\" decoding=\"async\" class=\"aligncenter wp-image-24004 size-full\" title=\"Sciences et soci\u00e9t\u00e9 : les conditions du dialogue\" src=\"https:\/\/ist.blogs.inrae.fr\/sciencesparticipatives\/wp-content\/uploads\/sites\/22\/2020\/01\/sciences-et-soci\u00e9t\u00e9-les-conditions-du-dialogue.png\" alt=\"pr\u00e9sent\u00e9e par G\u00e9rard Aschieri\" width=\"200\" height=\"136\" \/><\/a><\/td>\n<\/tr>\n<tr>\n<td><a href=\"http:\/\/hdl.handle.net\/2042\/70625\">\u00ab Les sciences et recherches participatives \u00e0 l\u2019INRA \u00bb<\/a> : article \u00e9crit par Christophe Roturier (d\u00e9l\u00e9gu\u00e9 aux sciences en soci\u00e9t\u00e9 \u00e0 INRAE) et paru dans le n\u00b02 de la \u00ab Revue foresti\u00e8re fran\u00e7aise \u00bb. L&rsquo;article est au format PDF (10 pages).<\/td>\n<td><a href=\"http:\/\/hdl.handle.net\/2042\/70625\"><img loading=\"lazy\" decoding=\"async\" class=\"aligncenter wp-image-23987 size-full\" title=\"\u00ab Les sciences et recherches participatives \u00e0 l\u2019INRA \u00bb\" src=\"https:\/\/ist.blogs.inrae.fr\/sciencesparticipatives\/wp-content\/uploads\/sites\/22\/2020\/01\/les_sciences_et_recherches_participatives_page_1.png\" alt=\"Auteur : Christophe Roturier\" width=\"200\" height=\"278\" \/><\/a><\/td>\n<\/tr>\n<tr>\n<td>La plateforme \u00ab Recherche-Action.ch \u00bb\u00a0 en Suisse et son site internet <a href=\"http:\/\/www.recherche-action.ch\" target=\"_blank\" rel=\"noopener noreferrer\">www.recherche-action.ch<\/a> viennent d\u2019\u00eatre lanc\u00e9s.<br \/>\nCe site a \u00e9t\u00e9 pens\u00e9 et \u00e9labor\u00e9 par la Haute \u00e9cole de travail social de Fribourg, en collaboration avec les membres du comit\u00e9 de pilotage scientifique de la plateforme Recherche-Action, issu-e-s d\u2019organismes sociaux et de Hautes \u00c9coles de Suisse romande.<\/td>\n<td><a href=\"http:\/\/www.recherche-action.ch\/\" target=\"_blank\" rel=\"noopener noreferrer\"><img loading=\"lazy\" decoding=\"async\" class=\"aligncenter wp-image-23922 size-full\" title=\"Recherche-Action\" src=\"https:\/\/ist.blogs.inra.fr\/sciencesparticipatives\/wp-content\/uploads\/sites\/22\/2019\/06\/logo_Recherche-Action_200px.png\" alt=\"\" width=\"200\" height=\"67\" \/><\/a><\/td>\n<\/tr>\n<tr>\n<td><a href=\"https:\/\/ist.blogs.inra.fr\/sciencesparticipatives\/wp-content\/uploads\/sites\/22\/2019\/05\/19_03_25_Acad\u00e9mies-G7_Citizen_FR.pdf\" target=\"_blank\" rel=\"noopener noreferrer\">\u00ab La science citoyenne \u00e0 l&rsquo;\u00e8re de l&rsquo;Internet \u00bb <\/a>&#8211; La science citoyenne, d\u00e9finie comme \u00e9tant \u00ab la science men\u00e9e par des citoyens qui ne sont pas des scientifiques professionnels \u00bb, \u00e9volue rapidement, du fait de la d\u00e9mocratisation du savoir, de l&rsquo;av\u00e8nement des nouvelles technologies de communication, et d&rsquo;un acc\u00e8s plus ouvert \u00e0 l&rsquo;information que dans le pass\u00e9&#8230;<\/p>\n<p>A consulter \u00e9galement : <a href=\"https:\/\/ist.blogs.inra.fr\/sciencesparticipatives\/wp-content\/uploads\/sites\/22\/2019\/05\/19_03_25_Acad\u00e9mies-G7_Science_and_trust_FR.pdf\" rel=\"noopener\">\u00ab Sciences et confiance \u00bb<\/a><\/td>\n<td><a href=\"https:\/\/ist.blogs.inra.fr\/sciencesparticipatives\/wp-content\/uploads\/sites\/22\/2019\/05\/19_03_25_Acad\u00e9mies-G7_Citizen_FR.pdf\" target=\"_blank\" rel=\"noopener noreferrer\"><img loading=\"lazy\" decoding=\"async\" class=\"aligncenter wp-image-23868 size-full\" title=\"Science citoyenne\" src=\"https:\/\/ist.blogs.inra.fr\/sciencesparticipatives\/wp-content\/uploads\/sites\/22\/2019\/05\/19_03_25_Acad\u00e9mies-G7_Citizen_FR_Page_1.png\" alt=\"\" width=\"200\" height=\"278\" \/><\/a><\/td>\n<\/tr>\n<tr>\n<td><a href=\"http:\/\/www.inra.fr\/Grand-public\/Economie-et-societe\/Tous-les-magazines\/Sciences-participatives\" target=\"_blank\" rel=\"noopener noreferrer\">\u00ab Le citoyen, ce scientifique. Quand la production du savoir scientifique se d\u00e9mocratise \u00bb<\/a> ; cet article traite de la question des Sciences et recherches participatives, avec plusieurs exemples de projets men\u00e9s \u00e0 l\u2019INRA. mag. \u00ab\u00a0Pour la science\u00a0\u00bb &#8211; n\u00b0492 &#8211; octobre 2018 (article r\u00e9dig\u00e9 en partenariat avec l&rsquo;Inra).<\/td>\n<td><a href=\"http:\/\/www.inra.fr\/Grand-public\/Economie-et-societe\/Tous-les-magazines\/Sciences-participatives\" target=\"_blank\" rel=\"noopener noreferrer\"><img loading=\"lazy\" decoding=\"async\" class=\"alignnone wp-image-1224 size-full\" title=\"Le citoyen, ce scientifique\" src=\"https:\/\/ist.blogs.inra.fr\/sciencesparticipatives\/wp-content\/uploads\/sites\/22\/2018\/09\/18_09_26_cahier_special_inra_medium.png\" alt=\"Quand la production du savoir scientifique se d\u00e9mocratise\" width=\"200\" height=\"273\" \/><\/a><\/td>\n<\/tr>\n<tr>\n<td><a href=\"https:\/\/ist.blogs.inra.fr\/sciencesparticipatives\/wp-content\/uploads\/sites\/22\/2018\/09\/18_06_22_projet_cl%C3%A9s_de_sol.pdf\" target=\"_blank\" rel=\"noopener noreferrer\">Cl\u00e9s de sol : un projet de sciences participatives<\/a> pour caract\u00e9riser les sols et leurs fonctions, juin 2018.<br \/>\nCatherine Jondreville, Blandine Lemercier, Chantal Gascuel.<br \/>\nAvec la contribution de Rachel Louiset, Caroline Joigneau-Guesnon et Christophe Roturier.<\/td>\n<td><a href=\"https:\/\/ist.blogs.inra.fr\/sciencesparticipatives\/wp-content\/uploads\/sites\/22\/2018\/09\/18_06_22_projet_cl%C3%A9s_de_sol.pdf\" target=\"_blank\" rel=\"noopener noreferrer\"><img loading=\"lazy\" decoding=\"async\" class=\"alignnone wp-image-1157 size-full\" title=\"Cl\u00e9s de sol : un projet de sciences participatives pour caract\u00e9riser les sols et leurs fonctions\" src=\"https:\/\/ist.blogs.inra.fr\/sciencesparticipatives\/wp-content\/uploads\/sites\/22\/2018\/09\/cl\u00e9s_de_sol-e1536756144443.jpg\" alt=\"Cl\u00e9s de sol : un projet de sciences participatives\" width=\"200\" height=\"158\" \/><\/a><\/td>\n<\/tr>\n<tr>\n<td>Le projet TATA-BOX visait \u00e0 d\u00e9velopper des m\u00e9thodes et outils permettant aux acteurs locaux de concevoir une transition agro\u00e9cologique \u00e0 l\u2019\u00e9chelle locale. Qu&rsquo;est-ce qui a \u00e9t\u00e9 mis en place ? Quels r\u00e9sultats ont \u00e9t\u00e9 obtenus ? Quelles le\u00e7ons en a-t-on tir\u00e9es ?<br \/>\nCe guide est une recette de cuisine pour l\u2019accompagnement de la transition agro\u00e9cologique par une d\u00e9marche de concertation, \u00e0 accommoder \u00e0 la sauce de votre territoire gr\u00e2ce aux fiches techniques, en tenant compte de nos critiques gastronomiques: les acteurs locaux. <a href=\"https:\/\/www6.inra.fr\/tatabox\/Productions\/Le-petit-guide-TTB2\" target=\"_blank\" rel=\"noopener noreferrer\">Retrouvez-le dans son int\u00e9gralit\u00e9<\/a> ou en partie : <a href=\"https:\/\/www6.inra.fr\/tatabox\/Productions\/Le-petit-guide-TTB2\/Dico-TTB\" target=\"_blank\" rel=\"noopener noreferrer\">1\u00e8re partie<\/a> &#8211; <a href=\"https:\/\/www6.inra.fr\/tatabox\/Productions\/Le-petit-guide-TTB2\/Experience-TTB\" target=\"_blank\" rel=\"noopener noreferrer\">2\u00e8me partie<\/a> &#8211; <a href=\"https:\/\/www6.inra.fr\/tatabox\/Productions\/Le-petit-guide-TTB2\/Fiches-techniques\" target=\"_blank\" rel=\"noopener noreferrer\">3\u00e8me partie<\/a><\/td>\n<td><a href=\"https:\/\/www6.inra.fr\/tatabox\/Productions\/Le-petit-guide-TTB2\" target=\"_blank\" rel=\"noopener noreferrer\"><img loading=\"lazy\" decoding=\"async\" class=\"alignnone wp-image-1018\" title=\"Le petit guide de l'accompagnement TATA-BOX\" src=\"https:\/\/ist.blogs.inra.fr\/sciencesparticipatives\/wp-content\/uploads\/sites\/22\/2018\/04\/Le-petit-guide-TTB_inra_image.png\" alt=\"\" width=\"200\" height=\"143\" srcset=\"https:\/\/ist.blogs.inrae.fr\/sciencesparticipatives\/wp-content\/uploads\/sites\/22\/2018\/04\/Le-petit-guide-TTB_inra_image.png 420w, https:\/\/ist.blogs.inrae.fr\/sciencesparticipatives\/wp-content\/uploads\/sites\/22\/2018\/04\/Le-petit-guide-TTB_inra_image-300x214.png 300w\" sizes=\"auto, (max-width: 200px) 100vw, 200px\" \/><\/a><\/td>\n<\/tr>\n<tr>\n<td>Dai, Q., E. Shin and C. Smith (2018),<a href=\"http:\/\/dx.doi.org\/10.1787\/2dbff737-en\" target=\"_blank\" rel=\"noopener noreferrer\"> \u201cOpen and inclusive collaboration in science: A framework\u201d<\/a>,<br \/>\nOECD Science, Technology and Industry Working Papers, 2018\/07, OECD<br \/>\nPublishing, Paris.<\/td>\n<td>\u00a0<a href=\"https:\/\/www.oecd-ilibrary.org\/industry-and-services\/open-and-inclusive-collaboration-in-science_2dbff737-en\" target=\"_blank\" rel=\"noopener noreferrer\"><img loading=\"lazy\" decoding=\"async\" class=\"alignnone wp-image-841\" title=\"Dai, Q., E. Shin et C. Smith (2018), \u00ab Open and inclusive collaboration in science : A framework \u00bb, Documents de travail de l'OCDE sur la science, la technologie et l'industrie, no. 2018\/07, \u00c9ditions OCDE, Paris, https:\/\/doi.org\/10.1787\/2dbff737-en.\" src=\"https:\/\/ist.blogs.inra.fr\/sciencesparticipatives\/wp-content\/uploads\/sites\/22\/2018\/04\/18_OCDE_OpenScience_232px.png\" alt=\"\" width=\"200\" height=\"197\" \/><\/a><\/td>\n<\/tr>\n<tr>\n<td><a href=\"http:\/\/journals.plos.org\/plosbiology\/article?id=10.1371\/journal.pbio.2003921\" target=\"_blank\" rel=\"noopener noreferrer\">Experiments in interdisciplinarity<\/a>: Responsible research and innovation and the public good, 26 mars 2018.<\/td>\n<td><a href=\"http:\/\/journals.plos.org\/plosbiology\/article?id=10.1371\/journal.pbio.2003921\" target=\"_blank\" rel=\"noopener noreferrer\"><img loading=\"lazy\" decoding=\"async\" class=\"alignnone wp-image-819\" title=\"Experiments in interdisciplinarity: Responsible research and innovation and the public good\" src=\"https:\/\/ist.blogs.inra.fr\/sciencesparticipatives\/wp-content\/uploads\/sites\/22\/2018\/04\/journa.pbio_.2003921-experiments-in-interdisciplinarity_Page_1-232x300.jpg\" alt=\"\" width=\"200\" height=\"259\" srcset=\"https:\/\/ist.blogs.inrae.fr\/sciencesparticipatives\/wp-content\/uploads\/sites\/22\/2018\/04\/journa.pbio_.2003921-experiments-in-interdisciplinarity_Page_1-232x300.jpg 232w, https:\/\/ist.blogs.inrae.fr\/sciencesparticipatives\/wp-content\/uploads\/sites\/22\/2018\/04\/journa.pbio_.2003921-experiments-in-interdisciplinarity_Page_1-768x994.jpg 768w, https:\/\/ist.blogs.inrae.fr\/sciencesparticipatives\/wp-content\/uploads\/sites\/22\/2018\/04\/journa.pbio_.2003921-experiments-in-interdisciplinarity_Page_1-791x1024.jpg 791w, https:\/\/ist.blogs.inrae.fr\/sciencesparticipatives\/wp-content\/uploads\/sites\/22\/2018\/04\/journa.pbio_.2003921-experiments-in-interdisciplinarity_Page_1-600x776.jpg 600w\" sizes=\"auto, (max-width: 200px) 100vw, 200px\" \/><\/a><\/td>\n<\/tr>\n<tr>\n<td>Qu&rsquo;est-ce qu&rsquo;une d\u00e9marche participative ? Qu&rsquo;est-ce que la transition agro\u00e9cologique ? Quels enjeux soul\u00e8vent les d\u00e9marches participatives pour la transition agro\u00e9cologique \u00e0 l&rsquo;\u00e9chelle territoriale ?<br \/>\n<a href=\"https:\/\/www6.inra.fr\/tatabox\/Productions\/BD-TATA-BOX\" target=\"_blank\" rel=\"noopener noreferrer\">R\u00e9ponse en image dans la bande dessin\u00e9e TATA-BOX<\/a><br \/>\nAudouin E., Bergez JE Therond O., 2018<\/td>\n<td><a href=\"https:\/\/www6.inra.fr\/tatabox\/Productions\/BD-TATA-BOX\" target=\"_blank\" rel=\"noopener noreferrer\"><img loading=\"lazy\" decoding=\"async\" class=\"alignnone wp-image-1004\" title=\"La bande-dessin\u00e9e TATA-BOX : neuf m\u00e9taphores des concepts clefs des d\u00e9marches participatives pour la transition agro\u00e9cologique \u00e0 l'\u00e9chelle territoriale\" src=\"https:\/\/ist.blogs.inra.fr\/sciencesparticipatives\/wp-content\/uploads\/sites\/22\/2018\/04\/BD-TATA-BOX_inra_image.png\" alt=\"\" width=\"200\" height=\"260\" \/><\/a><\/td>\n<\/tr>\n<tr>\n<td><a href=\"https:\/\/theconversation.com\/les-sciences-participatives-et-la-demarche-scientifique-85198\" target=\"_blank\" rel=\"noopener noreferrer\">\u00ab\u00a0Les sciences participatives et la d\u00e9marche scientifique\u00a0\u00bb<\/a> \/ Jean-Fran\u00e7ois Cosson, Christophe Roturier, Dominique Desclaux et Pascale Frey-Klett \/ The Conversation, 6 octobre 2017.<\/td>\n<td><a href=\"https:\/\/theconversation.com\/les-sciences-participatives-et-la-demarche-scientifique-85198\" target=\"_blank\" rel=\"noopener noreferrer\"><img loading=\"lazy\" decoding=\"async\" class=\"alignnone wp-image-1167 size-full\" title=\"Les sciences participatives et la d\u00e9marche scientifique\" src=\"https:\/\/ist.blogs.inra.fr\/sciencesparticipatives\/wp-content\/uploads\/sites\/22\/2018\/09\/sciences_participatives_et_demarche_scientifique.png\" alt=\"\" width=\"200\" height=\"194\" \/><\/a><\/td>\n<\/tr>\n<tr>\n<td><a href=\"https:\/\/doi.org\/10.3945\/cdn.117.001107\" target=\"_blank\" rel=\"noopener noreferrer\">Co-construction and Evaluation of a Prevention Program for Improving the Nutritional Quality of Food Purchases at No Additional Cost in a Socioeconomically Disadvantaged Population<\/a> \/ Marlene Perignon, Christophe Dubois, Rozenn Gazan, Matthieu Maillot, Laurent Muller, Bernard Ruffieux, Hind Gaigi, and Nicole Darmon. Current Developments in Nutrition, vol. 1, issue 11, 2017.<\/td>\n<td><a href=\"https:\/\/doi.org\/10.3945\/cdn.117.001107\" target=\"_blank\" rel=\"noopener noreferrer\"><img loading=\"lazy\" decoding=\"async\" class=\"alignnone wp-image-404\" title=\"Co-construction and Evaluation of a Prevention Program for Improving the Nutritional Quality of Food Purchases at No Additional Cost in a Socioeconomically Disadvantaged Population\" src=\"https:\/\/ist.blogs.inra.fr\/sciencesparticipatives\/wp-content\/uploads\/sites\/22\/2017\/06\/Nutrition-286x300.jpg\" alt=\"\" width=\"200\" height=\"210\" srcset=\"https:\/\/ist.blogs.inrae.fr\/sciencesparticipatives\/wp-content\/uploads\/sites\/22\/2017\/06\/Nutrition-286x300.jpg 286w, https:\/\/ist.blogs.inrae.fr\/sciencesparticipatives\/wp-content\/uploads\/sites\/22\/2017\/06\/Nutrition.jpg 697w\" sizes=\"auto, (max-width: 200px) 100vw, 200px\" \/><\/a><\/td>\n<\/tr>\n<tr>\n<td><a href=\"https:\/\/doi.org\/10.1016\/j.appet.2017.05.023\" target=\"_blank\" rel=\"noopener noreferrer\">Community gardening in poor neighborhoods in France: A way to re-think food practices?<\/a> \/ Pauline Martin, Jean-No\u00ebl Consal\u00e8s, Pascale Scheromm, Paul Marchand, Florence Ghestem, Nicole Darmon. Appetite. 2017 Sep 1;116:589-598.<\/td>\n<td><a href=\"https:\/\/doi.org\/10.1016\/j.appet.2017.05.023\" target=\"_blank\" rel=\"noopener noreferrer\"><img loading=\"lazy\" decoding=\"async\" class=\"alignnone wp-image-402\" title=\"Community gardening in poor neighborhoods in France: A way to re-think food practices?\" src=\"https:\/\/ist.blogs.inra.fr\/sciencesparticipatives\/wp-content\/uploads\/sites\/22\/2017\/06\/Apetite-279x300.jpg\" alt=\"\" width=\"200\" height=\"215\" srcset=\"https:\/\/ist.blogs.inrae.fr\/sciencesparticipatives\/wp-content\/uploads\/sites\/22\/2017\/06\/Apetite-279x300.jpg 279w, https:\/\/ist.blogs.inrae.fr\/sciencesparticipatives\/wp-content\/uploads\/sites\/22\/2017\/06\/Apetite.jpg 676w\" sizes=\"auto, (max-width: 200px) 100vw, 200px\" \/><\/a><\/td>\n<\/tr>\n<tr>\n<td><a href=\"http:\/\/theconversation.com\/culture-scientifique-participation-et-engagement-76831\" target=\"_blank\" rel=\"noopener noreferrer\">Culture scientifique : participation et engagement<\/a> \/ Bernard Schiele. The Conversation, 2017.<\/td>\n<td>\u00a0<a href=\"https:\/\/theconversation.com\/culture-scientifique-participation-et-engagement-76831\" target=\"_blank\" rel=\"noopener noreferrer\"><img loading=\"lazy\" decoding=\"async\" class=\"alignnone wp-image-614\" title=\"Culture scientifique : participation et engagement \/ Bernard Schiele\" src=\"https:\/\/ist.blogs.inra.fr\/sciencesparticipatives\/wp-content\/uploads\/sites\/22\/2018\/03\/the_conversation-participation-et-engagement.png\" alt=\"\" width=\"199\" height=\"55\" srcset=\"https:\/\/ist.blogs.inrae.fr\/sciencesparticipatives\/wp-content\/uploads\/sites\/22\/2018\/03\/the_conversation-participation-et-engagement.png 959w, https:\/\/ist.blogs.inrae.fr\/sciencesparticipatives\/wp-content\/uploads\/sites\/22\/2018\/03\/the_conversation-participation-et-engagement-300x83.png 300w, https:\/\/ist.blogs.inrae.fr\/sciencesparticipatives\/wp-content\/uploads\/sites\/22\/2018\/03\/the_conversation-participation-et-engagement-768x211.png 768w, https:\/\/ist.blogs.inrae.fr\/sciencesparticipatives\/wp-content\/uploads\/sites\/22\/2018\/03\/the_conversation-participation-et-engagement-500x138.png 500w\" sizes=\"auto, (max-width: 199px) 100vw, 199px\" \/><\/a><\/td>\n<\/tr>\n<tr>\n<td><a href=\"https:\/\/ist.blogs.inrae.fr\/sciencesparticipatives\/wp-content\/uploads\/sites\/22\/2020\/08\/2017-03-20-Chartes-Sciences-Participatives-final.pdf\" target=\"_blank\" rel=\"noopener noreferrer\">Charte des sciences et recherches participatives en France<\/a>, 2017.<\/td>\n<td><a href=\"https:\/\/ist.blogs.inrae.fr\/sciencesparticipatives\/wp-content\/uploads\/sites\/22\/2020\/08\/2017-03-20-Chartes-Sciences-Participatives-final.pdf\" target=\"_blank\" rel=\"noopener noreferrer\"><img loading=\"lazy\" decoding=\"async\" class=\"alignnone wp-image-123\" title=\"Charte des sciences et recherches participatives en France - accompagner, soutenir et promouvoir les collaborations entre acteurs de la recherche scientifique et de la soci\u00e9t\u00e9 civile\" src=\"https:\/\/ist.blogs.inra.fr\/sciencesparticipatives\/wp-content\/uploads\/sites\/22\/2017\/08\/1.jpg\" alt=\"1\" width=\"200\" height=\"283\" srcset=\"https:\/\/ist.blogs.inrae.fr\/sciencesparticipatives\/wp-content\/uploads\/sites\/22\/2017\/08\/1.jpg 476w, https:\/\/ist.blogs.inrae.fr\/sciencesparticipatives\/wp-content\/uploads\/sites\/22\/2017\/08\/1-212x300.jpg 212w\" sizes=\"auto, (max-width: 200px) 100vw, 200px\" \/><\/a><\/td>\n<\/tr>\n<tr>\n<td><a href=\"http:\/\/www.lisode.com\/wp-content\/uploads\/2017\/02\/Lisode_Guide_concertation.pdf\" target=\"_blank\" rel=\"noopener noreferrer\">Guide de concertation territoriale et de facilitation<\/a> \/ Lisode (2017).<\/td>\n<td><a href=\"http:\/\/www.lisode.com\/wp-content\/uploads\/2017\/02\/Lisode_Guide_concertation.pdf\" target=\"_blank\" rel=\"noopener noreferrer\"><img loading=\"lazy\" decoding=\"async\" class=\"alignnone wp-image-391\" title=\"Guide de concertation territoriale et de facilitation\" src=\"https:\/\/ist.blogs.inra.fr\/sciencesparticipatives\/wp-content\/uploads\/sites\/22\/2017\/06\/Lisode-210x300.jpg\" alt=\"\" width=\"200\" height=\"285\" srcset=\"https:\/\/ist.blogs.inrae.fr\/sciencesparticipatives\/wp-content\/uploads\/sites\/22\/2017\/06\/Lisode-210x300.jpg 210w, https:\/\/ist.blogs.inrae.fr\/sciencesparticipatives\/wp-content\/uploads\/sites\/22\/2017\/06\/Lisode.jpg 396w\" sizes=\"auto, (max-width: 200px) 100vw, 200px\" \/><\/a><\/td>\n<\/tr>\n<tr>\n<td><a href=\"http:\/\/www.ecologique-solidaire.gouv.fr\/sites\/default\/files\/Thema%20-%20Initiatives%20citoyennes%20et%20transition%20%C3%A9cologique.pdf\" target=\"_blank\" rel=\"noopener noreferrer\">Initiatives citoyennes et transition \u00e9cologique : quels enjeux pour l&rsquo;action publique ?<\/a> \/ Commissariat G\u00e9n\u00e9ral au d\u00e9veloppement durable, D\u00e9l\u00e9gation au d\u00e9veloppement durable Coordination scientifique et technique, Genevi\u00e8ve Besse, 2017.<\/td>\n<td><a href=\"http:\/\/www.ecologique-solidaire.gouv.fr\/sites\/default\/files\/Thema%20-%20Initiatives%20citoyennes%20et%20transition%20%C3%A9cologique.pdf\" target=\"_blank\" rel=\"noopener noreferrer\"><img loading=\"lazy\" decoding=\"async\" class=\"alignnone wp-image-124\" title=\"Initiatives citoyennes et transition \u00e9cologique : quels enjeux pour l'action publique ? \" src=\"https:\/\/ist.blogs.inra.fr\/sciencesparticipatives\/wp-content\/uploads\/sites\/22\/2017\/08\/2.jpg\" alt=\"2\" width=\"200\" height=\"284\" srcset=\"https:\/\/ist.blogs.inrae.fr\/sciencesparticipatives\/wp-content\/uploads\/sites\/22\/2017\/08\/2.jpg 394w, https:\/\/ist.blogs.inrae.fr\/sciencesparticipatives\/wp-content\/uploads\/sites\/22\/2017\/08\/2-211x300.jpg 211w\" sizes=\"auto, (max-width: 200px) 100vw, 200px\" \/><\/a><\/td>\n<\/tr>\n<tr>\n<td><a href=\"https:\/\/ec.europa.eu\/research\/evaluations\/pdf\/archive\/other_reports_studies_and_documents\/hlg_2017_report.pdf\" target=\"_blank\" rel=\"noopener noreferrer\">LAB \u2013 FAB \u2013 APP \u2014 Investing in the European future we want<\/a>. 8. Mobilise and involve citizens : stimulate co-design and co-creation through citizen involvement \/ European Commission, 2017.<\/td>\n<td><a href=\"https:\/\/ec.europa.eu\/research\/evaluations\/pdf\/archive\/other_reports_studies_and_documents\/hlg_2017_report.pdf\" target=\"_blank\" rel=\"noopener noreferrer\"><img loading=\"lazy\" decoding=\"async\" class=\"alignnone wp-image-125\" title=\"LAB \u2013 FAB \u2013 APP \u2014 Investing in the European future we want\" src=\"https:\/\/ist.blogs.inra.fr\/sciencesparticipatives\/wp-content\/uploads\/sites\/22\/2017\/08\/3-209x300.jpg\" alt=\"3\" width=\"200\" height=\"287\" srcset=\"https:\/\/ist.blogs.inrae.fr\/sciencesparticipatives\/wp-content\/uploads\/sites\/22\/2017\/08\/3-209x300.jpg 209w, https:\/\/ist.blogs.inrae.fr\/sciencesparticipatives\/wp-content\/uploads\/sites\/22\/2017\/08\/3.jpg 461w\" sizes=\"auto, (max-width: 200px) 100vw, 200px\" \/><\/a><\/td>\n<\/tr>\n<tr>\n<td><a href=\"https:\/\/doi.org\/10.1007\/s13593-017-0449-3\" target=\"_blank\" rel=\"noopener noreferrer\">Linking the knowledge and reasoning of dissenting actors fosters a bottom-up design of agroecological viticulture<\/a> \/ Moneyron, A., LMC, Westhalten group et al. Agron. Sustain. Dev. 37: 41, 2017.<\/td>\n<td><a href=\"https:\/\/doi.org\/10.1007\/s13593-017-0449-3\" target=\"_blank\" rel=\"noopener noreferrer\"><img loading=\"lazy\" decoding=\"async\" class=\"alignnone wp-image-264\" title=\"Linking the knowledge and reasoning of dissenting actors fosters a bottom-up design of agroecological viticulture\" src=\"https:\/\/ist.blogs.inra.fr\/sciencesparticipatives\/wp-content\/uploads\/sites\/22\/2017\/09\/asd.jpg\" alt=\"ASD\" width=\"200\" height=\"264\" \/><\/a><\/td>\n<\/tr>\n<tr>\n<td><a href=\"https:\/\/uploads.strikinglycdn.com\/files\/7308169b-6faa-4e17-b3cc-ec2f2549b1bf\/Alliss_Livre%20Blanc_mars%202017.pdf\" target=\"_blank\" rel=\"noopener noreferrer\">Prendre au s\u00e9rieux la soci\u00e9t\u00e9 de la connaissance \/\u00a0<\/a>ALLISS. Livre Blanc\u00a0 publi\u00e9 par l\u2019Alliss et pr\u00e9sent\u00e9 \u00e0 l\u2019Assembl\u00e9e Nationale le lundi 27 mars, 2017.<\/td>\n<td>\n<figure id=\"attachment_126\" class=\"thumbnail wp-caption alignnone\" style=\"width: 200px\"><a href=\"https:\/\/uploads.strikinglycdn.com\/files\/7308169b-6faa-4e17-b3cc-ec2f2549b1bf\/Alliss_Livre%20Blanc_mars%202017.pdf\" target=\"_blank\" rel=\"noopener noreferrer\"><img loading=\"lazy\" decoding=\"async\" class=\"wp-image-126\" title=\"Prendre au s\u00e9rieux la soci\u00e9t\u00e9 de la connaissance\" src=\"https:\/\/ist.blogs.inra.fr\/sciencesparticipatives\/wp-content\/uploads\/sites\/22\/2017\/08\/4.jpg\" alt=\"\" width=\"200\" height=\"285\" srcset=\"https:\/\/ist.blogs.inrae.fr\/sciencesparticipatives\/wp-content\/uploads\/sites\/22\/2017\/08\/4.jpg 425w, https:\/\/ist.blogs.inrae.fr\/sciencesparticipatives\/wp-content\/uploads\/sites\/22\/2017\/08\/4-211x300.jpg 211w\" sizes=\"auto, (max-width: 200px) 100vw, 200px\" \/><\/a><figcaption class=\"caption wp-caption-text\">Prendre au s\u00e9rieux la soci\u00e9t\u00e9 de la connaissance<\/figcaption><\/figure><\/td>\n<\/tr>\n<tr>\n<td><a href=\"https:\/\/doi.org\/10.1093\/reseval\/rvx034\" target=\"blank\" rel=\"noopener noreferrer\">Research impact assessment in agriculture : A review of approaches and impact areas<\/a> \/ Peter Wei\u00dfhuhn, Katharina Helming, Johanna Ferretti. Research Evaluation, 2017, 1\u20137<\/td>\n<td><a href=\"https:\/\/doi.org\/10.1093\/reseval\/rvx034\" target=\"_blank\" rel=\"noopener noreferrer\"><img loading=\"lazy\" decoding=\"async\" class=\"alignnone wp-image-339\" title=\"Research impact assessment in agriculture : A review of approaches and impact areas\" src=\"https:\/\/ist.blogs.inra.fr\/sciencesparticipatives\/wp-content\/uploads\/sites\/22\/2017\/06\/Capture.JPG2510-230x300.jpg\" alt=\"\" width=\"200\" height=\"261\" srcset=\"https:\/\/ist.blogs.inrae.fr\/sciencesparticipatives\/wp-content\/uploads\/sites\/22\/2017\/06\/Capture.JPG2510-230x300.jpg 230w, https:\/\/ist.blogs.inrae.fr\/sciencesparticipatives\/wp-content\/uploads\/sites\/22\/2017\/06\/Capture.JPG2510.jpg 460w\" sizes=\"auto, (max-width: 200px) 100vw, 200px\" \/><\/a><\/td>\n<\/tr>\n<tr>\n<td><a href=\"http:\/\/www.lecese.fr\/content\/recommandations-du-cese-sur-le-dialogue-sciences-societe\" target=\"blank\" rel=\"noopener noreferrer\">Sciences et soci\u00e9t\u00e9 : r\u00e9pondre ensemble aux enjeux climatiques<\/a> \/ Julien Blanchet et Jean Jouzel. Recommandations du Conseil Economique et Social sur le dialogue sciences-soci\u00e9t\u00e9, 2017<\/td>\n<td><a href=\"http:\/\/www.lecese.fr\/content\/recommandations-du-cese-sur-le-dialogue-sciences-societe\" target=\"_blank\" rel=\"noopener noreferrer\"><img loading=\"lazy\" decoding=\"async\" class=\"alignnone wp-image-343 size-medium\" title=\"Sciences et soci\u00e9t\u00e9 : r\u00e9pondre ensemble aux enjeux climatiques\" src=\"https:\/\/ist.blogs.inra.fr\/sciencesparticipatives\/wp-content\/uploads\/sites\/22\/2017\/06\/CESE-199x300.jpg\" alt=\"\" width=\"199\" height=\"300\" srcset=\"https:\/\/ist.blogs.inrae.fr\/sciencesparticipatives\/wp-content\/uploads\/sites\/22\/2017\/06\/CESE-199x300.jpg 199w, https:\/\/ist.blogs.inrae.fr\/sciencesparticipatives\/wp-content\/uploads\/sites\/22\/2017\/06\/CESE.jpg 422w\" sizes=\"auto, (max-width: 199px) 100vw, 199px\" \/><\/a><\/td>\n<\/tr>\n<tr>\n<td><a href=\"http:\/\/www.cairn.info\/revue-participations-2016-3.htm\" target=\"blank\" rel=\"noopener noreferrer\">Acteurs et chercheurs de la participation : liaisons dangereuses ? \/ Num\u00e9ro de Participations 2016\/3<\/a><\/td>\n<td><a href=\"http:\/\/www.cairn.info\/revue-participations-2016-3.htm\" target=\"_blank\" rel=\"noopener noreferrer\"><img loading=\"lazy\" decoding=\"async\" class=\"alignnone wp-image-387 size-medium\" title=\"Acteurs et chercheurs de la participation : liaisons dangereuses ?\" src=\"https:\/\/ist.blogs.inra.fr\/sciencesparticipatives\/wp-content\/uploads\/sites\/22\/2017\/06\/Participations-205x300.jpg\" alt=\"\" width=\"205\" height=\"300\" srcset=\"https:\/\/ist.blogs.inrae.fr\/sciencesparticipatives\/wp-content\/uploads\/sites\/22\/2017\/06\/Participations-205x300.jpg 205w, https:\/\/ist.blogs.inrae.fr\/sciencesparticipatives\/wp-content\/uploads\/sites\/22\/2017\/06\/Participations.jpg 212w\" sizes=\"auto, (max-width: 205px) 100vw, 205px\" \/><\/a><\/td>\n<\/tr>\n<tr>\n<td><a href=\"https:\/\/www.leru.org\/publications\/citizen-science-at-universities-trends-guidelines-and-recommendations\" target=\"blank\" rel=\"noopener noreferrer\">Citizen Science at Universities: Trends, Guidelines and Recommendations \/ League of European Research Universities (LERU), octobre 2016<\/a><\/td>\n<td><a href=\"https:\/\/www.leru.org\/publications\/citizen-science-at-universities-trends-guidelines-and-recommendations\" target=\"_blank\" rel=\"noopener noreferrer\"><img loading=\"lazy\" decoding=\"async\" class=\"alignnone wp-image-381\" title=\"Citizen Science at Universities: Trends, Guidelines and Recommendations \/ League of European Research Universities (LERU)\" src=\"https:\/\/ist.blogs.inra.fr\/sciencesparticipatives\/wp-content\/uploads\/sites\/22\/2017\/06\/LERU-300x260.jpg\" alt=\"\" width=\"200\" height=\"173\" srcset=\"https:\/\/ist.blogs.inrae.fr\/sciencesparticipatives\/wp-content\/uploads\/sites\/22\/2017\/06\/LERU-300x260.jpg 300w, https:\/\/ist.blogs.inrae.fr\/sciencesparticipatives\/wp-content\/uploads\/sites\/22\/2017\/06\/LERU-768x666.jpg 768w, https:\/\/ist.blogs.inrae.fr\/sciencesparticipatives\/wp-content\/uploads\/sites\/22\/2017\/06\/LERU-346x300.jpg 346w, https:\/\/ist.blogs.inrae.fr\/sciencesparticipatives\/wp-content\/uploads\/sites\/22\/2017\/06\/LERU.jpg 791w\" sizes=\"auto, (max-width: 200px) 100vw, 200px\" \/><\/a><\/td>\n<\/tr>\n<tr>\n<td><span style=\"font-size: medium\"><a href=\"http:\/\/prodinra.inra.fr\/record\/386042\" target=\"_blank\" rel=\"noopener noreferrer\">Citizen science in France. Situation analysis, good practices &amp; recommendations<\/a> \/ Houllier, F., Merilhou-Goudard, J.-B., Andro, M., Charbonnel, F., Cointet, J.-P., Frey-Klett, P., Joly, P.-B, Leiser, H., Mambrini-Doudet, M., Hologne, O., Launay, J.-F., Le Gall, O., Masson, J., Morcrette, N., Pujol, J.-L., Roturier, C., 28 p., 2016.<br \/>\n<\/span><\/td>\n<td><a href=\"http:\/\/prodinra.inra.fr\/record\/386042\" target=\"_blank\" rel=\"noopener noreferrer\"><img loading=\"lazy\" decoding=\"async\" class=\"alignnone wp-image-129\" title=\"Citizen science in France. Situation analysis, good practices &amp; recommendations\" src=\"https:\/\/ist.blogs.inra.fr\/sciencesparticipatives\/wp-content\/uploads\/sites\/22\/2017\/08\/5.jpg\" alt=\"5\" width=\"200\" height=\"120\" srcset=\"https:\/\/ist.blogs.inrae.fr\/sciencesparticipatives\/wp-content\/uploads\/sites\/22\/2017\/08\/5.jpg 711w, https:\/\/ist.blogs.inrae.fr\/sciencesparticipatives\/wp-content\/uploads\/sites\/22\/2017\/08\/5-300x179.jpg 300w, https:\/\/ist.blogs.inrae.fr\/sciencesparticipatives\/wp-content\/uploads\/sites\/22\/2017\/08\/5-500x300.jpg 500w\" sizes=\"auto, (max-width: 200px) 100vw, 200px\" \/><\/a><\/td>\n<\/tr>\n<tr>\n<td><span style=\"font-size: medium\"><a href=\"https:\/\/theconversation.com\/citoyens-des-sciences-quand-chercheurs-et-public-collaborent-61092?utm_source=twitter&amp;utm_medium=twitterbutton\" target=\"_blank\" rel=\"noopener noreferrer\">Citoyens des sciences : quand chercheurs et public collaborent<\/a> \/ Fran\u00e7ois Houllier et Pascale Frey-Klett, The Conversation, juin 2016<\/span><\/td>\n<td><a href=\"https:\/\/theconversation.com\/citoyens-des-sciences-quand-chercheurs-et-public-collaborent-61092?utm_source=twitter&amp;utm_medium=twitterbutton\" target=\"_blank\" rel=\"noopener noreferrer\"><img loading=\"lazy\" decoding=\"async\" class=\"alignnone wp-image-379\" title=\"Citoyens des sciences : quand chercheurs et public collaborent\" src=\"https:\/\/ist.blogs.inra.fr\/sciencesparticipatives\/wp-content\/uploads\/sites\/22\/2017\/06\/TheConversation-e1524042138987.jpg\" alt=\"\" width=\"200\" height=\"143\" \/><\/a><\/td>\n<\/tr>\n<tr>\n<td><a href=\"http:\/\/www.are-normandie.fr\/veille\/sciences-participatives-et-biodiversite-conduire-un-projet-pour-la-recherche-laction-publique-leducation-guide-de-bonnes-pratiques\/\" target=\"_blank\" rel=\"noopener noreferrer\">Conduire un projet pour la recherche, l\u2019action publique, l\u2019\u00e9ducation : Guide de bonnes pratiques<\/a> \/ Collectif national Sciences Participatives Biodiversit\u00e9, 2016.<\/td>\n<td><a href=\"http:\/\/www.are-normandie.fr\/veille\/sciences-participatives-et-biodiversite-conduire-un-projet-pour-la-recherche-laction-publique-leducation-guide-de-bonnes-pratiques\/\" target=\"_blank\" rel=\"noopener noreferrer\"><img loading=\"lazy\" decoding=\"async\" class=\"alignnone wp-image-130\" title=\"Conduire un projet pour la recherche, l\u2019action publique, l\u2019\u00e9ducation : Guide de bonnes pratiques\" src=\"https:\/\/ist.blogs.inra.fr\/sciencesparticipatives\/wp-content\/uploads\/sites\/22\/2017\/08\/6.jpg\" alt=\"6\" width=\"200\" height=\"277\" \/><\/a><\/td>\n<\/tr>\n<tr>\n<td><a href=\"http:\/\/www.cairn.info\/revue-participations-2016-3-page-137.htm\" target=\"_blank\" rel=\"noopener noreferrer\">Dispositifs participatifs et asym\u00e9tries de pouvoir : expliciter et interroger les positionnements<\/a> \/ C\u00e9cile Barnaud et al. Participations 2016\/3, pp. 137-186.<\/td>\n<td><a href=\"http:\/\/www.cairn.info\/revue-participations-2016-3-page-137.htm\" target=\"_blank\" rel=\"noopener noreferrer\"><img loading=\"lazy\" decoding=\"async\" class=\"alignnone wp-image-389\" title=\"Dispositifs participatifs et asym\u00e9tries de pouvoir : expliciter et interroger les positionnements\" src=\"https:\/\/ist.blogs.inra.fr\/sciencesparticipatives\/wp-content\/uploads\/sites\/22\/2017\/06\/Participations2.jpg\" alt=\"\" width=\"200\" height=\"297\" srcset=\"https:\/\/ist.blogs.inrae.fr\/sciencesparticipatives\/wp-content\/uploads\/sites\/22\/2017\/06\/Participations2.jpg 205w, https:\/\/ist.blogs.inrae.fr\/sciencesparticipatives\/wp-content\/uploads\/sites\/22\/2017\/06\/Participations2-202x300.jpg 202w\" sizes=\"auto, (max-width: 200px) 100vw, 200px\" \/><\/a><\/td>\n<\/tr>\n<tr>\n<td><a href=\"http:\/\/www.cpu.fr\/wp-content\/uploads\/2016\/06\/Rap-francais-sciences-participatives-vDEF.pdf\" target=\"_blank\" rel=\"noopener noreferrer\">Enqu\u00eate Ipsos Sopra Steria pr\u00e9par\u00e9 pour la Recherche et le Monde : les fran\u00e7ais et les sciences participatives<\/a>, juin 2016.<\/td>\n<td><a href=\"http:\/\/www.cpu.fr\/wp-content\/uploads\/2016\/06\/Rap-francais-sciences-participatives-vDEF.pdf\" target=\"_blank\" rel=\"noopener noreferrer\"><img loading=\"lazy\" decoding=\"async\" class=\"alignnone wp-image-377\" title=\"Enqu\u00eate Ipsos Sopra Steria pr\u00e9par\u00e9 pour la Recherche et le Monde : les fran\u00e7ais et les sciences participatives\" src=\"https:\/\/ist.blogs.inra.fr\/sciencesparticipatives\/wp-content\/uploads\/sites\/22\/2017\/06\/Ipsos-300x169.jpg\" alt=\"\" width=\"200\" height=\"112\" srcset=\"https:\/\/ist.blogs.inrae.fr\/sciencesparticipatives\/wp-content\/uploads\/sites\/22\/2017\/06\/Ipsos-300x169.jpg 300w, https:\/\/ist.blogs.inrae.fr\/sciencesparticipatives\/wp-content\/uploads\/sites\/22\/2017\/06\/Ipsos-768x432.jpg 768w, https:\/\/ist.blogs.inrae.fr\/sciencesparticipatives\/wp-content\/uploads\/sites\/22\/2017\/06\/Ipsos-500x281.jpg 500w, https:\/\/ist.blogs.inrae.fr\/sciencesparticipatives\/wp-content\/uploads\/sites\/22\/2017\/06\/Ipsos.jpg 962w\" sizes=\"auto, (max-width: 200px) 100vw, 200px\" \/><\/a><\/td>\n<\/tr>\n<tr>\n<td><a href=\"http:\/\/www.le-mes.org\/IMG\/pdf\/3_-_2017-02-07_-_rapport_Com_EIS_2016_VF2_pleniere_CSESS_07-02.pdf\" target=\"_blank\" rel=\"noopener noreferrer\">Rapport de synth\u00e8se : projet d&rsquo;avis<\/a> \/ Conseil Sup\u00e9rieur de l\u2019\u00c9conomie Sociale et Solidaire, Commission \u00c9cosyst\u00e8me de l\u2019Innovation Sociale, 2016.<\/td>\n<td><a href=\"http:\/\/www.le-mes.org\/IMG\/pdf\/3_-_2017-02-07_-_rapport_Com_EIS_2016_VF2_pleniere_CSESS_07-02.pdf\" target=\"_blank\" rel=\"noopener noreferrer\"><img loading=\"lazy\" decoding=\"async\" class=\"alignnone wp-image-131\" title=\"Rapport de synth\u00e8se : projet d'avis \/ Conseil Sup\u00e9rieur de l\u2019\u00c9conomie Sociale et Solidaire, Commission \u00c9cosyst\u00e8me de l\u2019Innovation Sociale, 2016.\" src=\"https:\/\/ist.blogs.inra.fr\/sciencesparticipatives\/wp-content\/uploads\/sites\/22\/2017\/08\/7.jpg\" alt=\"7\" width=\"200\" height=\"284\" srcset=\"https:\/\/ist.blogs.inrae.fr\/sciencesparticipatives\/wp-content\/uploads\/sites\/22\/2017\/08\/7.jpg 469w, https:\/\/ist.blogs.inrae.fr\/sciencesparticipatives\/wp-content\/uploads\/sites\/22\/2017\/08\/7-211x300.jpg 211w\" sizes=\"auto, (max-width: 200px) 100vw, 200px\" \/><\/a><\/td>\n<\/tr>\n<tr>\n<td><a href=\"http:\/\/www.sciences-participatives.com\/Rapport\" target=\"_blank\" rel=\"noopener noreferrer\">Les sciences participatives en France<\/a>. Rapport au Ministre de l&rsquo;Enseignement Sup\u00e9rieur \/ Houllier, F., Merilhou-Goudard, J.-B., Andro, M., Charbonnel, F., Cointet, J.-P., Frey-Klett, P., Joly, P.-B, Leiser, H., Mambrini-Doudet, M., Hologne, O., Launay, J.-F., Le Gall, O., , Masson, J., Morcrette, N., Pujol, J.-L., Roturier, C., 3 livrets, 41, 28, 24 p., 2016.<\/td>\n<td><a href=\"http:\/\/www.sciences-participatives.com\/Rapport\" target=\"_blank\" rel=\"noopener noreferrer\"><img loading=\"lazy\" decoding=\"async\" class=\"alignnone wp-image-129\" title=\"Les sciences participatives en France. Rapport au Ministre de l'Enseignement Sup\u00e9rieur, 2016\" src=\"https:\/\/ist.blogs.inra.fr\/sciencesparticipatives\/wp-content\/uploads\/sites\/22\/2017\/08\/5.jpg\" alt=\"5\" width=\"200\" height=\"120\" srcset=\"https:\/\/ist.blogs.inrae.fr\/sciencesparticipatives\/wp-content\/uploads\/sites\/22\/2017\/08\/5.jpg 711w, https:\/\/ist.blogs.inrae.fr\/sciencesparticipatives\/wp-content\/uploads\/sites\/22\/2017\/08\/5-300x179.jpg 300w, https:\/\/ist.blogs.inrae.fr\/sciencesparticipatives\/wp-content\/uploads\/sites\/22\/2017\/08\/5-500x300.jpg 500w\" sizes=\"auto, (max-width: 200px) 100vw, 200px\" \/><\/a><\/td>\n<\/tr>\n<tr>\n<td><a href=\"http:\/\/www.lemonde.fr\/sciences\/article\/2016\/05\/23\/les-francais-prets-a-participer-a-la-recherche_4924875_1650684.html\" target=\"_blank\" rel=\"noopener noreferrer\">Sciences participatives : les fran\u00e7ais pr\u00eats \u00e0 participer \u00e0 la recherche<\/a>, Le Monde Science et techno, mai 2016.<\/td>\n<td><a href=\"http:\/\/www.lemonde.fr\/sciences\/article\/2016\/05\/23\/les-francais-prets-a-participer-a-la-recherche_4924875_1650684.html\" target=\"_blank\" rel=\"noopener noreferrer\"><img loading=\"lazy\" decoding=\"async\" class=\"alignnone wp-image-375\" title=\"Sciences participatives : les fran\u00e7ais pr\u00eats \u00e0 participer \u00e0 la recherche, Le Monde Science et techno, mai 2016.\" src=\"https:\/\/ist.blogs.inra.fr\/sciencesparticipatives\/wp-content\/uploads\/sites\/22\/2017\/06\/LeMonde-300x285.jpg\" alt=\"\" width=\"200\" height=\"190\" srcset=\"https:\/\/ist.blogs.inrae.fr\/sciencesparticipatives\/wp-content\/uploads\/sites\/22\/2017\/06\/LeMonde-300x285.jpg 300w, https:\/\/ist.blogs.inrae.fr\/sciencesparticipatives\/wp-content\/uploads\/sites\/22\/2017\/06\/LeMonde-316x300.jpg 316w, https:\/\/ist.blogs.inrae.fr\/sciencesparticipatives\/wp-content\/uploads\/sites\/22\/2017\/06\/LeMonde.jpg 682w\" sizes=\"auto, (max-width: 200px) 100vw, 200px\" \/><\/a><\/td>\n<\/tr>\n<tr>\n<td><a href=\"https:\/\/cc.ascribe.io\/app\/pieces\/32411\" target=\"_blank\" rel=\"noopener noreferrer\">Sciences participatives et biodiversit\u00e9 : Conduire un projet pour la recherche, l\u2019action publique, l\u2019\u00e9ducation \u2013 Guide de bonnes pratiques<\/a> (d\u00e9cembre 2016).<\/td>\n<td><a href=\"https:\/\/cc.ascribe.io\/app\/pieces\/32411\" target=\"_blank\" rel=\"noopener noreferrer\"><img loading=\"lazy\" decoding=\"async\" class=\"alignnone wp-image-383\" title=\"Sciences participatives et biodiversit\u00e9 : Conduire un projet pour la recherche, l\u2019action publique, l\u2019\u00e9ducation \u2013 Guide de bonnes pratiques (d\u00e9cembre 2016).\" src=\"https:\/\/ist.blogs.inra.fr\/sciencesparticipatives\/wp-content\/uploads\/sites\/22\/2017\/06\/Biodiversite-216x300.jpg\" alt=\"\" width=\"200\" height=\"278\" srcset=\"https:\/\/ist.blogs.inrae.fr\/sciencesparticipatives\/wp-content\/uploads\/sites\/22\/2017\/06\/Biodiversite-216x300.jpg 216w, https:\/\/ist.blogs.inrae.fr\/sciencesparticipatives\/wp-content\/uploads\/sites\/22\/2017\/06\/Biodiversite.jpg 424w\" sizes=\"auto, (max-width: 200px) 100vw, 200px\" \/><\/a><\/td>\n<\/tr>\n<tr>\n<td><a href=\"https:\/\/uploads.strikinglycdn.com\/files\/5d463c19-d192-418c-9987-9d3a62b95a22\/CHARTE_ALLISS.pdf\" target=\"_blank\" rel=\"noopener noreferrer\">Charte Alliss Pour une alliance sciences soci\u00e9t\u00e9s<\/a>, nov 2015.<\/td>\n<td><a href=\"https:\/\/uploads.strikinglycdn.com\/files\/5d463c19-d192-418c-9987-9d3a62b95a22\/CHARTE_ALLISS.pdf\" target=\"_blank\" rel=\"noopener noreferrer\"><img loading=\"lazy\" decoding=\"async\" class=\"alignnone wp-image-374\" title=\"Charte Alliss Pour une alliance sciences soci\u00e9t\u00e9s, nov 2015.\" src=\"https:\/\/ist.blogs.inra.fr\/sciencesparticipatives\/wp-content\/uploads\/sites\/22\/2017\/06\/Aliss-212x300.jpg\" alt=\"\" width=\"200\" height=\"283\" srcset=\"https:\/\/ist.blogs.inrae.fr\/sciencesparticipatives\/wp-content\/uploads\/sites\/22\/2017\/06\/Aliss-212x300.jpg 212w, https:\/\/ist.blogs.inrae.fr\/sciencesparticipatives\/wp-content\/uploads\/sites\/22\/2017\/06\/Aliss.jpg 393w\" sizes=\"auto, (max-width: 200px) 100vw, 200px\" \/><\/a><\/td>\n<\/tr>\n<tr>\n<td><a href=\"https:\/\/elearning.formation-permanente.inra.fr\/course\/view.php?id=403&amp;section=0\" target=\"_blank\" rel=\"noopener noreferrer\">\u00ab La mod\u00e9lisation d\u2019accompagnement : mettre des acteurs en situation pour partager des repr\u00e9sentations et simuler des dynamiques \u00bb<\/a>, 2015.<\/td>\n<td><a href=\"https:\/\/elearning.formation-permanente.inra.fr\/course\/view.php?id=403&amp;section=0\" target=\"_blank\" rel=\"noopener noreferrer\"><img loading=\"lazy\" decoding=\"async\" class=\"wp-image-24120 alignnone\" src=\"https:\/\/ist.blogs.inrae.fr\/sciencesparticipatives\/wp-content\/uploads\/sites\/22\/2020\/07\/Couverture_ComModOKversionecran_VDEF.png\" alt=\"La mod\u00e9lisation d'accompagnement\" width=\"200\" height=\"200\" \/><\/a><\/td>\n<\/tr>\n<tr>\n<td><a href=\"https:\/\/www.inserm.fr\/information-en-sante\/coeditions\/associations-malades-regards-chercheurs\" target=\"_blank\" rel=\"noopener noreferrer\">Associations de malades : Regards de chercheurs<\/a> \/ Martine Bungener, Lise Demagny,Fran\u00e7ois Faurisson. CNRS, 2014.<\/td>\n<td><a href=\"https:\/\/www.inserm.fr\/information-en-sante\/coeditions\/associations-malades-regards-chercheurs\" target=\"_blank\" rel=\"noopener noreferrer\"><img loading=\"lazy\" decoding=\"async\" class=\"alignnone wp-image-372\" title=\"Associations de malades : Regards de chercheurs, 2014.\" src=\"https:\/\/ist.blogs.inra.fr\/sciencesparticipatives\/wp-content\/uploads\/sites\/22\/2017\/06\/Bungener-188x300.jpg\" alt=\"\" width=\"200\" height=\"319\" srcset=\"https:\/\/ist.blogs.inrae.fr\/sciencesparticipatives\/wp-content\/uploads\/sites\/22\/2017\/06\/Bungener-188x300.jpg 188w, https:\/\/ist.blogs.inrae.fr\/sciencesparticipatives\/wp-content\/uploads\/sites\/22\/2017\/06\/Bungener.jpg 400w\" sizes=\"auto, (max-width: 200px) 100vw, 200px\" \/><\/a><\/td>\n<\/tr>\n<tr>\n<td><a href=\"https:\/\/www.participatoryactionresearch.net\/publications\" target=\"_blank\" rel=\"noopener noreferrer\">Guide de la recherche action, la planification et l\u2019\u00e9valuation participatives<\/a> \/ Jacques Chevalier, Daniel Buckles, Michelle Bourassa, mars 2013.<\/td>\n<td><a href=\"https:\/\/www.participatoryactionresearch.net\/publications\" target=\"_blank\" rel=\"noopener noreferrer\"><img loading=\"lazy\" decoding=\"async\" class=\"alignnone wp-image-367\" title=\"Guide de la recherche action, la planification et l\u2019\u00e9valuation participatives, mars 2013\" src=\"https:\/\/ist.blogs.inra.fr\/sciencesparticipatives\/wp-content\/uploads\/sites\/22\/2017\/06\/Chevalier-300x210.jpg\" alt=\"\" width=\"200\" height=\"145\" \/><\/a><\/td>\n<\/tr>\n<tr>\n<td><a href=\"https:\/\/sciencescitoyennes.org\/recherche-participative-ou-en-est-on\/\" target=\"_blank\" rel=\"noopener noreferrer\">La recherche participative comme mode de production de savoirs : un \u00e9tat des lieux des pratiques en France<\/a> \/ Fondation Sciences Citoyennes, B\u00e9rang\u00e8re Storup (coord.), Glen Millot, Claudia Neubauer, 2013.<\/td>\n<td><a href=\"https:\/\/sciencescitoyennes.org\/recherche-participative-ou-en-est-on\/\" target=\"_blank\" rel=\"noopener noreferrer\"><img loading=\"lazy\" decoding=\"async\" class=\"alignnone wp-image-132\" title=\"La recherche participative comme mode de production de savoirs : un \u00e9tat des lieux des pratiques en France \/ Fondation Sciences Citoyennes, 2013.\" src=\"https:\/\/ist.blogs.inra.fr\/sciencesparticipatives\/wp-content\/uploads\/sites\/22\/2017\/08\/8.jpg\" alt=\"8\" width=\"200\" height=\"284\" srcset=\"https:\/\/ist.blogs.inrae.fr\/sciencesparticipatives\/wp-content\/uploads\/sites\/22\/2017\/08\/8.jpg 297w, https:\/\/ist.blogs.inrae.fr\/sciencesparticipatives\/wp-content\/uploads\/sites\/22\/2017\/08\/8-211x300.jpg 211w\" sizes=\"auto, (max-width: 200px) 100vw, 200px\" \/><\/a><\/td>\n<\/tr>\n<tr>\n<td><a href=\"http:\/\/www.editionsladecouverte.fr\/catalogue\/index-Sciences__techniques_et_soci__t__-9782707150974.html\" target=\"_blank\" rel=\"noopener noreferrer\">Sciences, techniques et soci\u00e9t\u00e9<\/a> \/ Christophe Bonneuil, Pierre-Beno\u00eet Joly. Paris, \u00c9d. La D\u00e9couverte, coll. Rep\u00e8res, 2013.<\/td>\n<td><a href=\"http:\/\/www.editionsladecouverte.fr\/catalogue\/index-Sciences__techniques_et_soci__t__-9782707150974.html\" target=\"_blank\" rel=\"noopener noreferrer\"><img loading=\"lazy\" decoding=\"async\" class=\"alignnone wp-image-369\" title=\"Sciences, techniques et soci\u00e9t\u00e9 - \u00e9dition La D\u00e9couverte, coll. Rep\u00e8res, 2013\" src=\"https:\/\/ist.blogs.inra.fr\/sciencesparticipatives\/wp-content\/uploads\/sites\/22\/2017\/06\/Joly-190x300.jpg\" alt=\"\" width=\"200\" height=\"316\" srcset=\"https:\/\/ist.blogs.inrae.fr\/sciencesparticipatives\/wp-content\/uploads\/sites\/22\/2017\/06\/Joly-190x300.jpg 190w, https:\/\/ist.blogs.inrae.fr\/sciencesparticipatives\/wp-content\/uploads\/sites\/22\/2017\/06\/Joly.jpg 253w\" sizes=\"auto, (max-width: 200px) 100vw, 200px\" \/><\/a><\/td>\n<\/tr>\n<tr>\n<td><a href=\"http:\/\/www.cairn.info\/revue-participations-2011-1-page-210.htm\" target=\"_blank\" rel=\"noopener noreferrer\">Des sciences, des techniques et de l\u2019ordre d\u00e9mocratique et participatif<\/a>. Dominique Pestre. Participations 2011\/1, pp. 201-238.<\/td>\n<td><a href=\"http:\/\/www.cairn.info\/revue-participations-2011-1-page-210.htm\" target=\"_blank\" rel=\"noopener noreferrer\"><img loading=\"lazy\" decoding=\"async\" class=\"alignnone wp-image-366 size-medium\" title=\"Des sciences, des techniques et de l\u2019ordre d\u00e9mocratique et participatif. 2011\" src=\"https:\/\/ist.blogs.inra.fr\/sciencesparticipatives\/wp-content\/uploads\/sites\/22\/2017\/06\/Pestre-199x300.jpg\" alt=\"\" width=\"199\" height=\"300\" srcset=\"https:\/\/ist.blogs.inrae.fr\/sciencesparticipatives\/wp-content\/uploads\/sites\/22\/2017\/06\/Pestre-199x300.jpg 199w, https:\/\/ist.blogs.inrae.fr\/sciencesparticipatives\/wp-content\/uploads\/sites\/22\/2017\/06\/Pestre.jpg 482w\" sizes=\"auto, (max-width: 199px) 100vw, 199px\" \/><\/a><\/td>\n<\/tr>\n<tr>\n<td><a href=\"https:\/\/www.ifree.asso.fr\/ressource-livret-fiche\/livret-ecologique-education\" target=\"_blank\" rel=\"noopener noreferrer\">Sciences participatives et biodiversit\u00e9 : implication du public, port\u00e9e \u00e9ducative et pratiques p\u00e9dagogiques associ\u00e9es<\/a> \/ Livret de l\u2019Ifr\u00e9e n\u00b02, 2010.<\/td>\n<td><a href=\"https:\/\/www.ifree.asso.fr\/ressource-livret-fiche\/livret-ecologique-education\" target=\"_blank\" rel=\"noopener noreferrer\"><img loading=\"lazy\" decoding=\"async\" class=\"alignnone wp-image-365\" title=\"Sciences participatives et biodiversit\u00e9 : implication du public, port\u00e9e \u00e9ducative et pratiques p\u00e9dagogiques associ\u00e9es \/ Livret de l\u2019Ifr\u00e9e n\u00b02, 2010\" src=\"https:\/\/ist.blogs.inra.fr\/sciencesparticipatives\/wp-content\/uploads\/sites\/22\/2017\/06\/Ifree-218x300.jpg\" alt=\"\" width=\"200\" height=\"275\" srcset=\"https:\/\/ist.blogs.inrae.fr\/sciencesparticipatives\/wp-content\/uploads\/sites\/22\/2017\/06\/Ifree-218x300.jpg 218w, https:\/\/ist.blogs.inrae.fr\/sciencesparticipatives\/wp-content\/uploads\/sites\/22\/2017\/06\/Ifree.jpg 535w\" sizes=\"auto, (max-width: 200px) 100vw, 200px\" \/><\/a><\/td>\n<\/tr>\n<tr>\n<td><a href=\"http:\/\/cormas.cirad.fr\/pdf\/guideARDI.pdf\" target=\"_blank\" rel=\"noopener noreferrer\">Co-construction d\u2019un mod\u00e8le d\u2019accompagnement selon la m\u00e9thode ARDI : guide m\u00e9thodologique<\/a> \/ Michel Etienne. 2008.<\/td>\n<td><a href=\"http:\/\/cormas.cirad.fr\/pdf\/guideARDI.pdf\" target=\"_blank\" rel=\"noopener noreferrer\"><img loading=\"lazy\" decoding=\"async\" class=\"alignleft wp-image-363\" title=\"Co-construction d\u2019un mod\u00e8le d\u2019accompagnement selon la m\u00e9thode ARDI : guide m\u00e9thodologique \/ Michel Etienne. 2008.\" src=\"https:\/\/ist.blogs.inra.fr\/sciencesparticipatives\/wp-content\/uploads\/sites\/22\/2017\/06\/Etienne-300x213.jpg\" alt=\"\" width=\"200\" height=\"142\" srcset=\"https:\/\/ist.blogs.inrae.fr\/sciencesparticipatives\/wp-content\/uploads\/sites\/22\/2017\/06\/Etienne-300x213.jpg 300w, https:\/\/ist.blogs.inrae.fr\/sciencesparticipatives\/wp-content\/uploads\/sites\/22\/2017\/06\/Etienne-768x546.jpg 768w, https:\/\/ist.blogs.inrae.fr\/sciencesparticipatives\/wp-content\/uploads\/sites\/22\/2017\/06\/Etienne-422x300.jpg 422w, https:\/\/ist.blogs.inrae.fr\/sciencesparticipatives\/wp-content\/uploads\/sites\/22\/2017\/06\/Etienne.jpg 795w\" sizes=\"auto, (max-width: 200px) 100vw, 200px\" \/><\/a><\/td>\n<\/tr>\n<tr>\n<td><a href=\"http:\/\/docplayer.fr\/22976-Methodes-participatives-un-guide-pour-l-utilisateur.html\" target=\"_blank\" rel=\"noopener noreferrer\">M\u00e9thodes participatives : un guide pour l\u2019utilisateur<\/a>. Fondation Roi Baudouin, mars 2006.<\/td>\n<td><a href=\"http:\/\/cormas.cirad.fr\/pdf\/guideARDI.pdf\" target=\"_blank\" rel=\"noopener noreferrer\"><img loading=\"lazy\" decoding=\"async\" class=\"alignnone wp-image-361\" title=\"M\u00e9thodes participatives : un guide pour l\u2019utilisateur. Fondation Roi Baudouin, mars 2006.\" src=\"https:\/\/ist.blogs.inra.fr\/sciencesparticipatives\/wp-content\/uploads\/sites\/22\/2017\/06\/Baudouin-300x213.jpg\" alt=\"\" width=\"200\" height=\"142\" srcset=\"https:\/\/ist.blogs.inrae.fr\/sciencesparticipatives\/wp-content\/uploads\/sites\/22\/2017\/06\/Baudouin-300x213.jpg 300w, https:\/\/ist.blogs.inrae.fr\/sciencesparticipatives\/wp-content\/uploads\/sites\/22\/2017\/06\/Baudouin-768x546.jpg 768w, https:\/\/ist.blogs.inrae.fr\/sciencesparticipatives\/wp-content\/uploads\/sites\/22\/2017\/06\/Baudouin-422x300.jpg 422w, https:\/\/ist.blogs.inrae.fr\/sciencesparticipatives\/wp-content\/uploads\/sites\/22\/2017\/06\/Baudouin.jpg 937w\" sizes=\"auto, (max-width: 200px) 100vw, 200px\" \/><\/a><\/td>\n<\/tr>\n<\/tbody>\n<\/table>\n","protected":false},"excerpt":{"rendered":"<p>Cette page est d\u00e9di\u00e9e aux ressources documentaires sur les sciences et recherches participatives Les sciences participatives dans l&rsquo;enseignement agricole Recueil d&rsquo;exp\u00e9riences. Les sciences participatives au service d\u2019une p\u00e9dagogie active et d\u2019une formation citoyenne. Auteurs : MNHN Num\u00e9ro sp\u00e9cial \u00ab\u00a0Sciences et &hellip; <a href=\"https:\/\/ist.blogs.inrae.fr\/sciencesparticipatives\/publications\/\">Lire la suite\u00ad\u00ad<\/a><\/p>\n","protected":false},"author":102,"featured_media":0,"parent":0,"menu_order":0,"comment_status":"closed","ping_status":"closed","template":"","meta":{"_bbp_topic_count":0,"_bbp_reply_count":0,"_bbp_total_topic_count":0,"_bbp_total_reply_count":0,"_bbp_voice_count":0,"_bbp_anonymous_reply_count":0,"_bbp_topic_count_hidden":0,"_bbp_reply_count_hidden":0,"_bbp_forum_subforum_count":0,"footnotes":""},"class_list":["post-28","page","type-page","status-publish","hentry"],"_links":{"self":[{"href":"https:\/\/ist.blogs.inrae.fr\/sciencesparticipatives\/wp-json\/wp\/v2\/pages\/28","targetHints":{"allow":["GET"]}}],"collection":[{"href":"https:\/\/ist.blogs.inrae.fr\/sciencesparticipatives\/wp-json\/wp\/v2\/pages"}],"about":[{"href":"https:\/\/ist.blogs.inrae.fr\/sciencesparticipatives\/wp-json\/wp\/v2\/types\/page"}],"author":[{"embeddable":true,"href":"https:\/\/ist.blogs.inrae.fr\/sciencesparticipatives\/wp-json\/wp\/v2\/users\/102"}],"replies":[{"embeddable":true,"href":"https:\/\/ist.blogs.inrae.fr\/sciencesparticipatives\/wp-json\/wp\/v2\/comments?post=28"}],"version-history":[{"count":5,"href":"https:\/\/ist.blogs.inrae.fr\/sciencesparticipatives\/wp-json\/wp\/v2\/pages\/28\/revisions"}],"predecessor-version":[{"id":24780,"href":"https:\/\/ist.blogs.inrae.fr\/sciencesparticipatives\/wp-json\/wp\/v2\/pages\/28\/revisions\/24780"}],"wp:attachment":[{"href":"https:\/\/ist.blogs.inrae.fr\/sciencesparticipatives\/wp-json\/wp\/v2\/media?parent=28"}],"curies":[{"name":"wp","href":"https:\/\/api.w.org\/{rel}","templated":true}]}}