{"id":1060,"date":"2016-06-14T16:18:00","date_gmt":"2016-06-14T14:18:00","guid":{"rendered":"http:\/\/ist.blogs.inra.fr\/sae2cfp\/?page_id=1060"},"modified":"2020-01-13T10:58:49","modified_gmt":"2020-01-13T09:58:49","slug":"mentions-legales-credits","status":"publish","type":"page","link":"https:\/\/ist.blogs.inrae.fr\/sae2cfp\/mentions-legales-credits\/","title":{"rendered":"Mentions l\u00e9gales &#8211; Cr\u00e9dits &#8211; Contacts"},"content":{"rendered":"<h2><strong>Contacts<\/strong><\/h2>\n<p>Isabelle Perez : <a href=\"mailto:isabelle.perez@inra.fr\">isabelle.perez@inrae.fr<\/a><\/p>\n<h2><strong>Cr\u00e9dits<\/strong><\/h2>\n<p style=\"padding-left: 30px;\">\u00a0&#8211; <strong>Directeur de la publication<\/strong> : Alban Thomas, chef du D\u00e9partement Sciences Sociales, Agriculture &amp; Alimentation, Espace &amp; Environnement (SAE2) de l&rsquo;INRAE<\/p>\n<h3>Equipe projet INRAE\/SAE2<\/h3>\n<p style=\"padding-left: 30px;\">\u00a0&#8211; <strong>Chef de projet<\/strong> : Caroline Falize<\/p>\n<p style=\"padding-left: 30px;\">\u00a0&#8211; <strong>Conception<\/strong> : Laurent Garnier, Isabelle P\u00e9rez, Christine Valade et Agn\u00e8s Vertier<\/p>\n<p style=\"padding-left: 30px;\">\u00a0&#8211; <strong>Webmaster<\/strong> : Laurent Garnier<\/p>\n<h2><strong>Mentions l\u00e9gales : droits et devoirs des utilisateurs<\/strong><\/h2>\n<p>Les informations diffus\u00e9es sur les serveurs Inra sont la propri\u00e9t\u00e9 de l\u2019Inra. Toute copie totale ou partielle ne peut se faire sans l\u2019accord de l\u2019Institut.<\/p>\n<p>Les utilisateurs sont responsables des interrogations qu\u2019ils formulent ainsi que de l\u2019interpr\u00e9tation et de l\u2019utilisation qu\u2019ils font des r\u00e9sultats. Il leur appartient d\u2019en faire un usage conforme aux r\u00e9glementations en vigueur et aux recommandations de la Commission nationale de l\u2019informatique et des libert\u00e9s (Cnil) pour les donn\u00e9es donn\u00e9es \u00e0 caract\u00e8re personnel.<\/p>\n<p>En particulier, ils doivent savoir que les informations ne doivent \u00eatre utilis\u00e9es qu\u2019\u00e0 des fins strictement professionnelles, que la capture des \u00e9crans pour reconstitution ou enrichissement d\u2019une base de donn\u00e9es nominatives est contraire \u00e0 la loi fran\u00e7aise et donc interdite, ainsi que l\u2019utilisation \u00e0 des fins commerciales ou publicitaires.<\/p>\n<p>Conform\u00e9ment aux dispositions contenues dans la loi n\u00b0 78-17 du 6 Janvier 1978 modifi\u00e9e relative \u00e0 l\u2019informatique, aux fichiers et aux libert\u00e9s, vous disposez d\u2019un droit d\u2019acc\u00e8s, de rectification, de modification et de suppression concernant les donn\u00e9es qui vous concernent.<\/p>\n<p>Pour plus d\u2019information se reporter \u00e0 notre <a href=\"https:\/\/ist.blogs.inra.fr\/sae2cfp\/politique-de-confidentialite\/\" target=\"_blank\" rel=\"noopener noreferrer\">politique de confidentialit\u00e9<\/a> ou au site de la <a title=\"CNIL\" href=\"http:\/\/www.cnil.fr\/\" target=\"_blank\" rel=\"noopener noreferrer\">Cnil<\/a>.<\/p>\n","protected":false},"excerpt":{"rendered":"<p>Contacts Isabelle Perez : isabelle.perez@inrae.fr Cr\u00e9dits \u00a0&#8211; Directeur de la publication : Alban Thomas, chef du D\u00e9partement Sciences Sociales, Agriculture &amp; Alimentation, Espace &amp; Environnement (SAE2) de l&rsquo;INRAE Equipe projet INRAE\/SAE2 \u00a0&#8211; Chef de projet : Caroline Falize \u00a0&#8211; Conception : Laurent Garnier, Isabelle P\u00e9rez, Christine Valade et Agn\u00e8s Vertier \u00a0&#8211; Webmaster : Laurent Garnier [&hellip;]<\/p>\n","protected":false},"author":3,"featured_media":0,"parent":0,"menu_order":0,"comment_status":"closed","ping_status":"closed","template":"page-nosidebar.php","meta":{"_acf_changed":false,"footnotes":""},"class_list":["post-1060","page","type-page","status-publish","hentry"],"acf":[],"_links":{"self":[{"href":"https:\/\/ist.blogs.inrae.fr\/sae2cfp\/wp-json\/wp\/v2\/pages\/1060","targetHints":{"allow":["GET"]}}],"collection":[{"href":"https:\/\/ist.blogs.inrae.fr\/sae2cfp\/wp-json\/wp\/v2\/pages"}],"about":[{"href":"https:\/\/ist.blogs.inrae.fr\/sae2cfp\/wp-json\/wp\/v2\/types\/page"}],"author":[{"embeddable":true,"href":"https:\/\/ist.blogs.inrae.fr\/sae2cfp\/wp-json\/wp\/v2\/users\/3"}],"replies":[{"embeddable":true,"href":"https:\/\/ist.blogs.inrae.fr\/sae2cfp\/wp-json\/wp\/v2\/comments?post=1060"}],"version-history":[{"count":0,"href":"https:\/\/ist.blogs.inrae.fr\/sae2cfp\/wp-json\/wp\/v2\/pages\/1060\/revisions"}],"wp:attachment":[{"href":"https:\/\/ist.blogs.inrae.fr\/sae2cfp\/wp-json\/wp\/v2\/media?parent=1060"}],"curies":[{"name":"wp","href":"https:\/\/api.w.org\/{rel}","templated":true}]}}