{"id":10323,"date":"2022-07-11T07:56:21","date_gmt":"2022-07-11T07:56:21","guid":{"rendered":"https:\/\/www.allenvi.fr\/?page_id=10323"},"modified":"2022-09-06T12:09:05","modified_gmt":"2022-09-06T12:09:05","slug":"mentions-legales-et-credits","status":"publish","type":"page","link":"https:\/\/ist.blogs.inrae.fr\/allenvi\/mentions-legales-et-credits\/","title":{"rendered":"Mentions l\u00e9gales et Cr\u00e9dits"},"content":{"rendered":"\n<h2 class=\"wp-block-heading\">Informations \u00e9ditoriales<\/h2>\n\n\n\n<p>Le site&nbsp;<a href=\"https:\/\/ist.blogs.inrae.fr\/allenvi\/\" target=\"_blank\" rel=\"noreferrer noopener\">https:\/\/ist.blogs.inrae.fr\/allenvi\/<\/a>&nbsp;est \u00e9dit\u00e9 par l\u2019Alliance nationale de recherche pour l\u2019environnement, AllEnvi.<\/p>\n\n\n\n<p><strong>Directeur de la publication<\/strong><br>Fran\u00e7ois Houllier, pr\u00e9sident de l\u2019Alliance AllEnvi<\/p>\n\n\n\n<p><\/p>\n\n\n\n<h2 class=\"wp-block-heading\">Cr\u00e9ation, r\u00e9alisation et h\u00e9bergement du site<\/h2>\n\n\n\n<p><strong>Conception du site<\/strong><br>Laetitia Martin \u2013 Direction artistique<br>Conception graphique et ergonomique, d\u00e9veloppement et outil de gestion de contenus<br>Int\u00e9gration et d\u00e9veloppement<br>Laetmartin@gmail.com<\/p>\n\n\n\n<p>En collaboration avec Romain Zajdel<br>Int\u00e9gration et d\u00e9veloppement<\/p>\n\n\n\n<p>Site r\u00e9alis\u00e9 sous WordPress<\/p>\n\n\n\n<p><\/p>\n\n\n\n<p><strong>Cr\u00e9dits images, multim\u00e9dia<\/strong><br>Photos\u00a0:\u00a0<br>Pour le groupe Eaux Continentales<br>\u00a9BRGM \u2013 Fran\u00e7ois Michel<br>\u00a9BRGM \u2013 N Audibert<\/p>\n\n\n\n<p>Pour le groupe Prospective scientifique et pour Infrastructures de recherche<br>\u00a9Thierry Guyot<br><br>Certaines images sont issues des sites Pixabay.com et Stock.adobe.com<\/p>\n\n\n\n<p><strong>H\u00e9bergement<\/strong><br>o2switch<\/p>\n\n\n\n<p><\/p>\n\n\n\n<h2 class=\"wp-block-heading\">Traitement de donn\u00e9es \u00e0 caract\u00e8re personnel<\/h2>\n\n\n\n<p>L\u2019\u00e9quipe du site&nbsp;<a href=\"https:\/\/ist.blogs.inrae.fr\/allenvi\/\" target=\"_blank\" rel=\"noreferrer noopener\">https:\/\/ist.blogs.inrae.fr\/allenvi\/<\/a>&nbsp;est particuli\u00e8rement attentive \u00e0 la protection des donn\u00e9es \u00e0 caract\u00e8re personnel.&nbsp;<a href=\"https:\/\/ist.blogs.inrae.fr\/allenvi\" target=\"_blank\" rel=\"noreferrer noopener\">AllEnvi<\/a>&nbsp;s\u2019engage \u00e0 ce que la collecte et le traitement de vos donn\u00e9es, effectu\u00e9s \u00e0 partir de ce site, soient conformes \u00e0<a href=\"https:\/\/www.legifrance.gouv.fr\/eli\/loi\/2018\/6\/20\/JUSC1732261L\/jo\/texte\" target=\"_blank\" rel=\"noreferrer noopener\">&nbsp;La LOI n\u00b0 2018-493 du 20 juin 2018<\/a>&nbsp;relative \u00e0 la protection des donn\u00e9es personnelles et au \u00ab&nbsp;<a href=\"https:\/\/www.cnil.fr\/fr\/reglement-europeen-protection-donnees\" target=\"_blank\" rel=\"noreferrer noopener\">R\u00e8glement g\u00e9n\u00e9ral sur la protection des donn\u00e9es<\/a>&nbsp;\u00bb (RGPD).<\/p>\n\n\n\n<p>Les donn\u00e9es statistiques recueillies sont utilis\u00e9es pour nous permettre d\u2019enrichir le parcours des internautes, fournir une meilleure information et ainsi participer \u00e0 l\u2019am\u00e9lioration de notre mission.<\/p>\n\n\n\n<p><strong>Respect des lois en vigueur<\/strong><br>Le site&nbsp;<a href=\"https:\/\/ist.blogs.inrae.fr\/allenvi\/\" target=\"_blank\" rel=\"noreferrer noopener\">https:\/\/ist.blogs.inrae.fr\/allenvi\/&nbsp;<\/a>respecte la vie priv\u00e9e de l\u2019internaute et se conforme strictement aux lois en vigueur sur la protection de la vie priv\u00e9e et des libert\u00e9s individuelles. Aucune information personnelle n\u2019est collect\u00e9e \u00e0 votre insu. Aucune information personnelle n\u2019est c\u00e9d\u00e9e \u00e0 des tiers. Les courriels, les adresses \u00e9lectroniques ou autres informations nominatives dont ce site est destinataire ne font l\u2019objet d\u2019aucune exploitation et ne sont conserv\u00e9s que pour la dur\u00e9e n\u00e9cessaire \u00e0 leur traitement.<\/p>\n\n\n\n<p><strong>Droit des internautes&nbsp;: droit d\u2019acc\u00e8s et de rectification<\/strong><br>Conform\u00e9ment aux dispositions de la loi n\u00b078-17 du 6 janvier 1978 relative \u00e0 l\u2019informatique, aux fichiers et aux libert\u00e9s, les internautes disposent d\u2019un droit d\u2019acc\u00e8s, de modification, de rectification et de suppression des donn\u00e9es qui les concernent.<\/p>\n\n\n\n<p><strong>Cookies<\/strong><br>Lors de la consultation de notre site&nbsp;<a href=\"https:\/\/ist.blogs.inrae.fr\/allenvi\/\" target=\"_blank\" rel=\"noreferrer noopener\">https:\/\/ist.blogs.inrae.fr\/allenvi\/<\/a>, des cookies sont d\u00e9pos\u00e9s sur votre ordinateur, votre mobile ou votre tablette.<\/p>\n\n\n\n<p>Les seuls cookies utilis\u00e9s par le site sont ceux destin\u00e9s \u00e0 la mesure d\u2019audience et ne collectent pas de donn\u00e9es personnelles. Les outils de mesures d\u2019audience sont d\u00e9ploy\u00e9s afin d\u2019obtenir des informations sur la navigation des visiteurs. Ils permettent notamment de comprendre comment les utilisateurs arrivent sur un site et de reconstituer leur parcours.<\/p>\n\n\n\n<p>Vous pouvez \u00e0 tout moment choisir de d\u00e9sactiver ces cookies. Votre navigateur peut \u00e9galement \u00eatre param\u00e9tr\u00e9 pour vous signaler les cookies qui sont d\u00e9pos\u00e9s dans votre ordinateur et vous demander de les accepter ou pas. Vous pouvez accepter ou refuser les cookies au cas par cas ou bien les refuser syst\u00e9matiquement.<\/p>\n\n\n\n<p>En cas de refus de d\u00e9p\u00f4t de cookie, vous ne pourrez pas consulter le site&nbsp;<a href=\"https:\/\/ist.blogs.inrae.fr\/allenvi\/\" target=\"_blank\" rel=\"noreferrer noopener\">https:\/\/ist.blogs.inrae.fr\/allenvi\/<\/a>. Afin de g\u00e9rer les cookies au plus pr\u00e8s de vos attentes nous vous invitons \u00e0 param\u00e9trer votre navigateur en tenant compte de la finalit\u00e9 des cookies.<\/p>\n","protected":false},"excerpt":{"rendered":"<p>Informations \u00e9ditoriales Le site&nbsp;https:\/\/ist.blogs.inrae.fr\/allenvi\/&nbsp;est \u00e9dit\u00e9 par l\u2019Alliance nationale de recherche pour l\u2019environnement, AllEnvi. Directeur de la publicationFran\u00e7ois Houllier, pr\u00e9sident de l\u2019Alliance AllEnvi Cr\u00e9ation, r\u00e9alisation et h\u00e9bergement du site Conception du siteLaetitia Martin \u2013 Direction artistiqueConception graphique et ergonomique, d\u00e9veloppement et outil de gestion de contenusInt\u00e9gration et d\u00e9veloppementLaetmartin@gmail.com En collaboration avec Romain ZajdelInt\u00e9gration et d\u00e9veloppement Site [&hellip;]<\/p>\n","protected":false},"author":1,"featured_media":0,"parent":0,"menu_order":0,"comment_status":"closed","ping_status":"closed","template":"","meta":{"_et_pb_use_builder":"off","_et_pb_old_content":"<!-- wp:heading -->\n<h2>Informations \u00e9ditoriales<\/h2>\n<!-- \/wp:heading -->\n\n<!-- wp:paragraph -->\n<p>Le site&nbsp;<a href=\"https:\/\/ist.blogs.inrae.fr\/allenvi\/\">https:\/\/ist.blogs.inrae.fr\/allenvi\/<\/a>&nbsp;est \u00e9dit\u00e9 par l\u2019Alliance nationale de recherche pour l\u2019environnement, AllEnvi.<\/p>\n<!-- \/wp:paragraph -->\n\n<!-- wp:paragraph -->\n<p><strong>Directeur de la publication<\/strong><\/p>\n<!-- \/wp:paragraph -->\n\n<!-- wp:paragraph -->\n<p>Fran\u00e7ois Houllier, pr\u00e9sident de l\u2019Alliance AllEnvi<\/p>\n<!-- \/wp:paragraph -->\n\n<!-- wp:paragraph -->\n<p><strong>Cr\u00e9ation, r\u00e9alisation et h\u00e9bergement du site<\/strong><strong><\/strong><\/p>\n<!-- \/wp:paragraph -->\n\n<!-- wp:paragraph -->\n<p><strong>Conception du site<\/strong><\/p>\n<!-- \/wp:paragraph -->\n\n<!-- wp:paragraph -->\n<p>Laetitia Martin \u2013 Direction artistique<br>Conception graphique et ergonomique, d\u00e9veloppement et outil de gestion de contenus<br>Int\u00e9gration et d\u00e9veloppement<br>Laetmartin@gmail.com<\/p>\n<!-- \/wp:paragraph -->\n\n<!-- wp:paragraph -->\n<p>En collaboration avec Romain Zajdel<br>Int\u00e9gration et d\u00e9veloppement<\/p>\n<!-- \/wp:paragraph -->\n\n<!-- wp:paragraph -->\n<p>Site r\u00e9alis\u00e9 sous WordPress<\/p>\n<!-- \/wp:paragraph -->\n\n<!-- wp:paragraph -->\n<p><\/p>\n<!-- \/wp:paragraph -->\n\n<!-- wp:paragraph -->\n<p><strong>Cr\u00e9dits images, multim\u00e9dia<\/strong><\/p>\n<!-- \/wp:paragraph -->\n\n<!-- wp:paragraph -->\n<p>Photos&nbsp;:&nbsp;Les cr\u00e9dits mentionn\u00e9s dans les pages<\/p>\n<!-- \/wp:paragraph -->\n\n<!-- wp:paragraph -->\n<p>Vid\u00e9os\u00a0: cr\u00e9dits mentionn\u00e9s dans les pages<br>Certaines autres images sont issues du site Pixabay.com.<\/p>\n<!-- \/wp:paragraph -->\n\n<!-- wp:paragraph -->\n<p><strong>H\u00e9bergement<\/strong><\/p>\n<!-- \/wp:paragraph -->\n\n<!-- wp:paragraph -->\n<p>o2switch<\/p>\n<!-- \/wp:paragraph -->\n\n<!-- wp:paragraph -->\n<p>Traitement de donn\u00e9es \u00e0 caract\u00e8re personnel<\/p>\n<!-- \/wp:paragraph -->\n\n<!-- wp:paragraph -->\n<p>L\u2019\u00e9quipe du site&nbsp;<a href=\"https:\/\/ist.blogs.inrae.fr\/allenvi\/\">https:\/\/ist.blogs.inrae.fr\/allenvi\/<\/a>&nbsp;est particuli\u00e8rement attentive \u00e0 la protection des donn\u00e9es \u00e0 caract\u00e8re personnel.&nbsp;<a href=\"http:\/\/www.alliance-athena.fr\/\" target=\"_blank\" rel=\"noreferrer noopener\">AllEnvi<\/a>&nbsp;s\u2019engage \u00e0 ce que la collecte et le traitement de vos donn\u00e9es, effectu\u00e9s \u00e0 partir de ce site, soient conformes \u00e0<a href=\"https:\/\/www.legifrance.gouv.fr\/eli\/loi\/2018\/6\/20\/JUSC1732261L\/jo\/texte\" target=\"_blank\" rel=\"noreferrer noopener\">&nbsp;La LOI n\u00b0 2018-493 du 20 juin 2018<\/a>&nbsp;relative \u00e0 la protection des donn\u00e9es personnelles et au \u00ab&nbsp;<a href=\"https:\/\/www.cnil.fr\/fr\/reglement-europeen-protection-donnees\" target=\"_blank\" rel=\"noreferrer noopener\">R\u00e8glement g\u00e9n\u00e9ral sur la protection des donn\u00e9es<\/a>&nbsp;\u00bb (RGPD).<\/p>\n<!-- \/wp:paragraph -->\n\n<!-- wp:paragraph -->\n<p>Les donn\u00e9es statistiques recueillies sont utilis\u00e9es pour nous permettre d\u2019enrichir le parcours des internautes, fournir une meilleure information et ainsi participer \u00e0 l\u2019am\u00e9lioration de notre mission.<\/p>\n<!-- \/wp:paragraph -->\n\n<!-- wp:paragraph -->\n<p><strong>Respect des lois en vigueur<\/strong><br>Le site&nbsp;<a href=\"https:\/\/ist.blogs.inrae.fr\/allenvi\/&nbsp;\">https:\/\/ist.blogs.inrae.fr\/allenvi\/&nbsp;<\/a>respecte la vie priv\u00e9e de l\u2019internaute et se conforme strictement aux lois en vigueur sur la protection de la vie priv\u00e9e et des libert\u00e9s individuelles. Aucune information personnelle n\u2019est collect\u00e9e \u00e0 votre insu. Aucune information personnelle n\u2019est c\u00e9d\u00e9e \u00e0 des tiers. Les courriels, les adresses \u00e9lectroniques ou autres informations nominatives dont ce site est destinataire ne font l\u2019objet d\u2019aucune exploitation et ne sont conserv\u00e9s que pour la dur\u00e9e n\u00e9cessaire \u00e0 leur traitement.<\/p>\n<!-- \/wp:paragraph -->\n\n<!-- wp:paragraph -->\n<p><strong>Droit des internautes&nbsp;: droit d\u2019acc\u00e8s et de rectification<\/strong><br>Conform\u00e9ment aux dispositions de la loi n\u00b078-17 du 6 janvier 1978 relative \u00e0 l\u2019informatique, aux fichiers et aux libert\u00e9s, les internautes disposent d\u2019un droit d\u2019acc\u00e8s, de modification, de rectification et de suppression des donn\u00e9es qui les concernent.<\/p>\n<!-- \/wp:paragraph -->\n\n<!-- wp:paragraph -->\n<p><strong>Cookies<\/strong><br>Lors de la consultation de notre site&nbsp;<a href=\"https:\/\/ist.blogs.inrae.fr\/allenvi\/\">https:\/\/ist.blogs.inrae.fr\/allenvi\/<\/a>, des cookies sont d\u00e9pos\u00e9s sur votre ordinateur, votre mobile ou votre tablette.<\/p>\n<!-- \/wp:paragraph -->\n\n<!-- wp:paragraph -->\n<p>Les seuls cookies utilis\u00e9s par le site sont ceux destin\u00e9s \u00e0 la mesure d\u2019audience et ne collectent pas de donn\u00e9es personnelles. Les outils de mesures d\u2019audience sont d\u00e9ploy\u00e9s afin d\u2019obtenir des informations sur la navigation des visiteurs. Ils permettent notamment de comprendre comment les utilisateurs arrivent sur un site et de reconstituer leur parcours.<\/p>\n<!-- \/wp:paragraph -->\n\n<!-- wp:paragraph -->\n<p>Vous pouvez \u00e0 tout moment choisir de d\u00e9sactiver ces cookies. Votre navigateur peut \u00e9galement \u00eatre param\u00e9tr\u00e9 pour vous signaler les cookies qui sont d\u00e9pos\u00e9s dans votre ordinateur et vous demander de les accepter ou pas. Vous pouvez accepter ou refuser les cookies au cas par cas ou bien les refuser syst\u00e9matiquement.<\/p>\n<!-- \/wp:paragraph -->\n\n<!-- wp:paragraph -->\n<p>En cas de refus de d\u00e9p\u00f4t de cookie, vous ne pourrez pas consulter le site&nbsp;<a href=\"https:\/\/ist.blogs.inrae.fr\/allenvi\/\">https:\/\/ist.blogs.inrae.fr\/allenvi\/<\/a>. Afin de g\u00e9rer les cookies au plus pr\u00e8s de vos attentes nous vous invitons \u00e0 param\u00e9trer votre navigateur en tenant compte de la finalit\u00e9 des cookies.<\/p>\n<!-- \/wp:paragraph -->","_et_gb_content_width":"","inline_featured_image":false,"footnotes":""},"class_list":["post-10323","page","type-page","status-publish","hentry"],"yoast_head":"<!-- This site is optimized with the Yoast SEO plugin v27.4 - https:\/\/yoast.com\/product\/yoast-seo-wordpress\/ -->\n<title>Mentions l\u00e9gales et Cr\u00e9dits - Alliance Allenvi<\/title>\n<meta name=\"robots\" content=\"noindex, follow, max-snippet:-1, max-image-preview:large, max-video-preview:-1\" \/>\n<meta property=\"og:locale\" content=\"fr_FR\" \/>\n<meta property=\"og:type\" content=\"article\" \/>\n<meta property=\"og:title\" content=\"Mentions l\u00e9gales et Cr\u00e9dits - Alliance Allenvi\" \/>\n<meta property=\"og:description\" content=\"Informations \u00e9ditoriales Le site&nbsp;https:\/\/ist.blogs.inrae.fr\/allenvi\/&nbsp;est \u00e9dit\u00e9 par l\u2019Alliance nationale de recherche pour l\u2019environnement, AllEnvi. Directeur de la publicationFran\u00e7ois Houllier, pr\u00e9sident de l\u2019Alliance AllEnvi Cr\u00e9ation, r\u00e9alisation et h\u00e9bergement du site Conception du siteLaetitia Martin \u2013 Direction artistiqueConception graphique et ergonomique, d\u00e9veloppement et outil de gestion de contenusInt\u00e9gration et d\u00e9veloppementLaetmartin@gmail.com En collaboration avec Romain ZajdelInt\u00e9gration et d\u00e9veloppement Site [&hellip;]\" \/>\n<meta property=\"og:url\" content=\"https:\/\/ist.blogs.inrae.fr\/allenvi\/mentions-legales-et-credits\/\" \/>\n<meta property=\"og:site_name\" content=\"Alliance Allenvi\" \/>\n<meta property=\"article:modified_time\" content=\"2022-09-06T12:09:05+00:00\" \/>\n<meta name=\"twitter:card\" content=\"summary_large_image\" \/>\n<meta name=\"twitter:label1\" content=\"Dur\u00e9e de lecture estim\u00e9e\" \/>\n\t<meta name=\"twitter:data1\" content=\"3 minutes\" \/>\n<script type=\"application\/ld+json\" class=\"yoast-schema-graph\">{\"@context\":\"https:\\\/\\\/schema.org\",\"@graph\":[{\"@type\":\"WebPage\",\"@id\":\"https:\\\/\\\/ist.blogs.inrae.fr\\\/allenvi\\\/mentions-legales-et-credits\\\/\",\"url\":\"https:\\\/\\\/ist.blogs.inrae.fr\\\/allenvi\\\/mentions-legales-et-credits\\\/\",\"name\":\"Mentions l\u00e9gales et Cr\u00e9dits - Alliance Allenvi\",\"isPartOf\":{\"@id\":\"https:\\\/\\\/ist.blogs.inrae.fr\\\/allenvi\\\/#website\"},\"datePublished\":\"2022-07-11T07:56:21+00:00\",\"dateModified\":\"2022-09-06T12:09:05+00:00\",\"breadcrumb\":{\"@id\":\"https:\\\/\\\/ist.blogs.inrae.fr\\\/allenvi\\\/mentions-legales-et-credits\\\/#breadcrumb\"},\"inLanguage\":\"fr-FR\",\"potentialAction\":[{\"@type\":\"ReadAction\",\"target\":[\"https:\\\/\\\/ist.blogs.inrae.fr\\\/allenvi\\\/mentions-legales-et-credits\\\/\"]}]},{\"@type\":\"BreadcrumbList\",\"@id\":\"https:\\\/\\\/ist.blogs.inrae.fr\\\/allenvi\\\/mentions-legales-et-credits\\\/#breadcrumb\",\"itemListElement\":[{\"@type\":\"ListItem\",\"position\":1,\"name\":\"Accueil\",\"item\":\"https:\\\/\\\/ist.blogs.inrae.fr\\\/allenvi\\\/\"},{\"@type\":\"ListItem\",\"position\":2,\"name\":\"Mentions l\u00e9gales et Cr\u00e9dits\"}]},{\"@type\":\"WebSite\",\"@id\":\"https:\\\/\\\/ist.blogs.inrae.fr\\\/allenvi\\\/#website\",\"url\":\"https:\\\/\\\/ist.blogs.inrae.fr\\\/allenvi\\\/\",\"name\":\"Alliance Allenvi\",\"description\":\"\",\"potentialAction\":[{\"@type\":\"SearchAction\",\"target\":{\"@type\":\"EntryPoint\",\"urlTemplate\":\"https:\\\/\\\/ist.blogs.inrae.fr\\\/allenvi\\\/?s={search_term_string}\"},\"query-input\":{\"@type\":\"PropertyValueSpecification\",\"valueRequired\":true,\"valueName\":\"search_term_string\"}}],\"inLanguage\":\"fr-FR\"}]}<\/script>\n<!-- \/ Yoast SEO plugin. -->","yoast_head_json":{"title":"Mentions l\u00e9gales et Cr\u00e9dits - Alliance Allenvi","robots":{"index":"noindex","follow":"follow","max-snippet":"max-snippet:-1","max-image-preview":"max-image-preview:large","max-video-preview":"max-video-preview:-1"},"og_locale":"fr_FR","og_type":"article","og_title":"Mentions l\u00e9gales et Cr\u00e9dits - Alliance Allenvi","og_description":"Informations \u00e9ditoriales Le site&nbsp;https:\/\/ist.blogs.inrae.fr\/allenvi\/&nbsp;est \u00e9dit\u00e9 par l\u2019Alliance nationale de recherche pour l\u2019environnement, AllEnvi. Directeur de la publicationFran\u00e7ois Houllier, pr\u00e9sident de l\u2019Alliance AllEnvi Cr\u00e9ation, r\u00e9alisation et h\u00e9bergement du site Conception du siteLaetitia Martin \u2013 Direction artistiqueConception graphique et ergonomique, d\u00e9veloppement et outil de gestion de contenusInt\u00e9gration et d\u00e9veloppementLaetmartin@gmail.com En collaboration avec Romain ZajdelInt\u00e9gration et d\u00e9veloppement Site [&hellip;]","og_url":"https:\/\/ist.blogs.inrae.fr\/allenvi\/mentions-legales-et-credits\/","og_site_name":"Alliance Allenvi","article_modified_time":"2022-09-06T12:09:05+00:00","twitter_card":"summary_large_image","twitter_misc":{"Dur\u00e9e de lecture estim\u00e9e":"3 minutes"},"schema":{"@context":"https:\/\/schema.org","@graph":[{"@type":"WebPage","@id":"https:\/\/ist.blogs.inrae.fr\/allenvi\/mentions-legales-et-credits\/","url":"https:\/\/ist.blogs.inrae.fr\/allenvi\/mentions-legales-et-credits\/","name":"Mentions l\u00e9gales et Cr\u00e9dits - Alliance Allenvi","isPartOf":{"@id":"https:\/\/ist.blogs.inrae.fr\/allenvi\/#website"},"datePublished":"2022-07-11T07:56:21+00:00","dateModified":"2022-09-06T12:09:05+00:00","breadcrumb":{"@id":"https:\/\/ist.blogs.inrae.fr\/allenvi\/mentions-legales-et-credits\/#breadcrumb"},"inLanguage":"fr-FR","potentialAction":[{"@type":"ReadAction","target":["https:\/\/ist.blogs.inrae.fr\/allenvi\/mentions-legales-et-credits\/"]}]},{"@type":"BreadcrumbList","@id":"https:\/\/ist.blogs.inrae.fr\/allenvi\/mentions-legales-et-credits\/#breadcrumb","itemListElement":[{"@type":"ListItem","position":1,"name":"Accueil","item":"https:\/\/ist.blogs.inrae.fr\/allenvi\/"},{"@type":"ListItem","position":2,"name":"Mentions l\u00e9gales et Cr\u00e9dits"}]},{"@type":"WebSite","@id":"https:\/\/ist.blogs.inrae.fr\/allenvi\/#website","url":"https:\/\/ist.blogs.inrae.fr\/allenvi\/","name":"Alliance Allenvi","description":"","potentialAction":[{"@type":"SearchAction","target":{"@type":"EntryPoint","urlTemplate":"https:\/\/ist.blogs.inrae.fr\/allenvi\/?s={search_term_string}"},"query-input":{"@type":"PropertyValueSpecification","valueRequired":true,"valueName":"search_term_string"}}],"inLanguage":"fr-FR"}]}},"_links":{"self":[{"href":"https:\/\/ist.blogs.inrae.fr\/allenvi\/wp-json\/wp\/v2\/pages\/10323","targetHints":{"allow":["GET"]}}],"collection":[{"href":"https:\/\/ist.blogs.inrae.fr\/allenvi\/wp-json\/wp\/v2\/pages"}],"about":[{"href":"https:\/\/ist.blogs.inrae.fr\/allenvi\/wp-json\/wp\/v2\/types\/page"}],"author":[{"embeddable":true,"href":"https:\/\/ist.blogs.inrae.fr\/allenvi\/wp-json\/wp\/v2\/users\/1"}],"replies":[{"embeddable":true,"href":"https:\/\/ist.blogs.inrae.fr\/allenvi\/wp-json\/wp\/v2\/comments?post=10323"}],"version-history":[{"count":19,"href":"https:\/\/ist.blogs.inrae.fr\/allenvi\/wp-json\/wp\/v2\/pages\/10323\/revisions"}],"predecessor-version":[{"id":11136,"href":"https:\/\/ist.blogs.inrae.fr\/allenvi\/wp-json\/wp\/v2\/pages\/10323\/revisions\/11136"}],"wp:attachment":[{"href":"https:\/\/ist.blogs.inrae.fr\/allenvi\/wp-json\/wp\/v2\/media?parent=10323"}],"curies":[{"name":"wp","href":"https:\/\/api.w.org\/{rel}","templated":true}]}}